{"id":1263,"date":"2020-04-16T08:09:11","date_gmt":"2020-04-16T08:09:11","guid":{"rendered":"https:\/\/estellebonetto.ca\/home-writer-visual-art-regina-saskatchewan-fransaskois-identity\/"},"modified":"2021-10-05T23:48:03","modified_gmt":"2021-10-05T23:48:03","slug":"accueil-ecrivaine-art-visuel-regina-saskatchewan-identite-fransaskois","status":"publish","type":"page","link":"https:\/\/estellebonetto.ca\/fr\/","title":{"rendered":"Accueil"},"content":{"rendered":"\t\t<div data-elementor-type=\"wp-page\" data-elementor-id=\"1263\" class=\"elementor elementor-1263\">\n\t\t\t\t\t\t<section class=\"elementor-section elementor-top-section elementor-element elementor-element-c3ffe85 elementor-section-boxed elementor-section-height-default elementor-section-height-default\" data-id=\"c3ffe85\" data-element_type=\"section\" data-e-type=\"section\" data-settings=\"{&quot;jet_parallax_layout_list&quot;:[{&quot;jet_parallax_layout_image&quot;:{&quot;url&quot;:&quot;&quot;,&quot;id&quot;:&quot;&quot;,&quot;size&quot;:&quot;&quot;},&quot;_id&quot;:&quot;2b08616&quot;,&quot;jet_parallax_layout_speed&quot;:{&quot;unit&quot;:&quot;%&quot;,&quot;size&quot;:&quot;50&quot;,&quot;sizes&quot;:[]},&quot;jet_parallax_layout_bg_x&quot;:&quot;50&quot;,&quot;jet_parallax_layout_bg_y&quot;:&quot;50&quot;,&quot;jet_parallax_layout_image_tablet&quot;:{&quot;url&quot;:&quot;&quot;,&quot;id&quot;:&quot;&quot;,&quot;size&quot;:&quot;&quot;},&quot;jet_parallax_layout_image_mobile&quot;:{&quot;url&quot;:&quot;&quot;,&quot;id&quot;:&quot;&quot;,&quot;size&quot;:&quot;&quot;},&quot;jet_parallax_layout_type&quot;:&quot;scroll&quot;,&quot;jet_parallax_layout_direction&quot;:&quot;1&quot;,&quot;jet_parallax_layout_fx_direction&quot;:null,&quot;jet_parallax_layout_z_index&quot;:&quot;&quot;,&quot;jet_parallax_layout_bg_x_tablet&quot;:&quot;&quot;,&quot;jet_parallax_layout_bg_x_mobile&quot;:&quot;&quot;,&quot;jet_parallax_layout_bg_y_tablet&quot;:&quot;&quot;,&quot;jet_parallax_layout_bg_y_mobile&quot;:&quot;&quot;,&quot;jet_parallax_layout_bg_size&quot;:&quot;auto&quot;,&quot;jet_parallax_layout_bg_size_tablet&quot;:&quot;&quot;,&quot;jet_parallax_layout_bg_size_mobile&quot;:&quot;&quot;,&quot;jet_parallax_layout_animation_prop&quot;:&quot;transform&quot;,&quot;jet_parallax_layout_on&quot;:[&quot;desktop&quot;,&quot;tablet&quot;]}]}\">\n\t\t\t\t\t\t<div class=\"elementor-container elementor-column-gap-no\">\n\t\t\t\t\t<div class=\"elementor-column elementor-col-50 elementor-top-column elementor-element elementor-element-3eeb9fa\" data-id=\"3eeb9fa\" data-element_type=\"column\" data-e-type=\"column\" data-settings=\"{&quot;background_background&quot;:&quot;classic&quot;}\">\n\t\t\t<div class=\"elementor-widget-wrap elementor-element-populated\">\n\t\t\t\t\t\t<div class=\"elementor-element elementor-element-324cbd3 elementor-widget elementor-widget-spacer\" data-id=\"324cbd3\" data-element_type=\"widget\" data-e-type=\"widget\" data-widget_type=\"spacer.default\">\n\t\t\t\t<div class=\"elementor-widget-container\">\n\t\t\t\t\t\t\t<div class=\"elementor-spacer\">\n\t\t\t<div class=\"elementor-spacer-inner\"><\/div>\n\t\t<\/div>\n\t\t\t\t\t\t<\/div>\n\t\t\t\t<\/div>\n\t\t\t\t<div class=\"elementor-element elementor-element-be5f114 elementor-widget elementor-widget-raven-image\" data-id=\"be5f114\" data-element_type=\"widget\" data-e-type=\"widget\" data-widget_type=\"raven-image.default\">\n\t\t\t\t<div class=\"elementor-widget-container\">\n\t\t\t\t\t\t\t<div class=\"raven-image\" data-parallax=\"{&quot;y&quot;:50,&quot;smoothness&quot;:30}\">\n\t\t\n\t\t\n\t\t<img fetchpriority=\"high\" decoding=\"async\" width=\"533\" height=\"800\" src=\"https:\/\/estellebonetto.ca\/wp-content\/uploads\/2021\/08\/46C1ECA6-6151-4B48-A61C-FCE0860D8D8C.jpeg\" class=\"attachment-full size-full wp-image-1416\" alt=\"\" srcset=\"https:\/\/estellebonetto.ca\/wp-content\/uploads\/2021\/08\/46C1ECA6-6151-4B48-A61C-FCE0860D8D8C.jpeg 533w, https:\/\/estellebonetto.ca\/wp-content\/uploads\/2021\/08\/46C1ECA6-6151-4B48-A61C-FCE0860D8D8C-200x300.jpeg 200w\" sizes=\"(max-width: 533px) 100vw, 533px\" \/>\t\t<\/div>\n\t\t\t\t\t\t<\/div>\n\t\t\t\t<\/div>\n\t\t\t\t<div class=\"elementor-element elementor-element-4c460ef elementor-widget elementor-widget-raven-image\" data-id=\"4c460ef\" data-element_type=\"widget\" data-e-type=\"widget\" data-widget_type=\"raven-image.default\">\n\t\t\t\t<div class=\"elementor-widget-container\">\n\t\t\t\t\t\t\t<div class=\"raven-image\" data-parallax=\"{&quot;y&quot;:-10,&quot;smoothness&quot;:30}\">\n\t\t\n\t\t\n\t\t<img decoding=\"async\" width=\"2560\" height=\"1707\" src=\"https:\/\/estellebonetto.ca\/wp-content\/uploads\/2021\/08\/Estelle-Bonetto-Horizon-scaled.jpg\" class=\"attachment-full size-full wp-image-1414\" alt=\"\" srcset=\"https:\/\/estellebonetto.ca\/wp-content\/uploads\/2021\/08\/Estelle-Bonetto-Horizon-scaled.jpg 2560w, https:\/\/estellebonetto.ca\/wp-content\/uploads\/2021\/08\/Estelle-Bonetto-Horizon-300x200.jpg 300w, https:\/\/estellebonetto.ca\/wp-content\/uploads\/2021\/08\/Estelle-Bonetto-Horizon-1024x683.jpg 1024w, https:\/\/estellebonetto.ca\/wp-content\/uploads\/2021\/08\/Estelle-Bonetto-Horizon-768x512.jpg 768w, https:\/\/estellebonetto.ca\/wp-content\/uploads\/2021\/08\/Estelle-Bonetto-Horizon-1536x1024.jpg 1536w, https:\/\/estellebonetto.ca\/wp-content\/uploads\/2021\/08\/Estelle-Bonetto-Horizon-2048x1366.jpg 2048w\" sizes=\"(max-width: 2560px) 100vw, 2560px\" \/>\t\t<\/div>\n\t\t\t\t\t\t<\/div>\n\t\t\t\t<\/div>\n\t\t\t\t<div class=\"elementor-element elementor-element-35c212c elementor-widget elementor-widget-text-editor\" data-id=\"35c212c\" data-element_type=\"widget\" data-e-type=\"widget\" data-widget_type=\"text-editor.default\">\n\t\t\t\t<div class=\"elementor-widget-container\">\n\t\t\t\t\t\t\t\t\t<h6><em>Photos: Daniel Paquet<\/em><\/h6>\t\t\t\t\t\t\t\t<\/div>\n\t\t\t\t<\/div>\n\t\t\t\t\t<\/div>\n\t\t<\/div>\n\t\t\t\t<div class=\"elementor-column elementor-col-50 elementor-top-column elementor-element elementor-element-256aa66\" data-id=\"256aa66\" data-element_type=\"column\" data-e-type=\"column\">\n\t\t\t<div class=\"elementor-widget-wrap elementor-element-populated\">\n\t\t\t\t\t\t<div class=\"elementor-element elementor-element-302102e elementor-widget elementor-widget-spacer\" data-id=\"302102e\" data-element_type=\"widget\" data-e-type=\"widget\" data-widget_type=\"spacer.default\">\n\t\t\t\t<div class=\"elementor-widget-container\">\n\t\t\t\t\t\t\t<div class=\"elementor-spacer\">\n\t\t\t<div class=\"elementor-spacer-inner\"><\/div>\n\t\t<\/div>\n\t\t\t\t\t\t<\/div>\n\t\t\t\t<\/div>\n\t\t\t\t<div class=\"elementor-element elementor-element-a88393d elementor-widget elementor-widget-heading\" data-id=\"a88393d\" data-element_type=\"widget\" data-e-type=\"widget\" data-widget_type=\"heading.default\">\n\t\t\t\t<div class=\"elementor-widget-container\">\n\t\t\t\t\t<h2 class=\"elementor-heading-title elementor-size-default\">Mon parcours<\/h2>\t\t\t\t<\/div>\n\t\t\t\t<\/div>\n\t\t\t\t<div class=\"elementor-element elementor-element-dd4f93b elementor-widget elementor-widget-raven-divider\" data-id=\"dd4f93b\" data-element_type=\"widget\" data-e-type=\"widget\" data-widget_type=\"raven-divider.default\">\n\t\t\t\t<div class=\"elementor-widget-container\">\n\t\t\t\t\t\t\t<div class=\"raven-widget-wrapper\">\n\t\t\t<div class=\"raven-divider\">\n\t\t\t\t<span class=\"raven-divider-line raven-divider-solid\"><\/span>\n\t\t\t<\/div>\n\t\t<\/div>\n\t\t\t\t\t\t<\/div>\n\t\t\t\t<\/div>\n\t\t\t\t<div class=\"elementor-element elementor-element-df7d5d6 elementor-widget elementor-widget-text-editor\" data-id=\"df7d5d6\" data-element_type=\"widget\" data-e-type=\"widget\" data-widget_type=\"text-editor.default\">\n\t\t\t\t<div class=\"elementor-widget-container\">\n\t\t\t\t\t\t\t\t\t<p>Ma d\u00e9marche artistique s\u2019articule autour de la recherche des angles morts pour en r\u00e9v\u00e9ler toute la vivacit\u00e9. La photographie me permet d\u2019acc\u00e9der \u00e0 des perceptions, des points de vue diff\u00e9rents. Cet \u0153il a la capacit\u00e9 de s\u2019\u00e9loigner de la r\u00e9alit\u00e9 et d\u2019appr\u00e9hender le monde sous de nouveaux \u00e9clairages. \u00c0 travers le prisme photographique, qui vient exacerber l\u2019illusion du miroir en la d\u00e9formant \u00e0 volont\u00e9, je tente d\u2019apporter des r\u00e9ponses, parcell\u00e9es sur une r\u00e9alit\u00e9 elle-m\u00eame parcellaire.<\/p><p>J\u2019aborde ainsi des th\u00e8mes vari\u00e9s allant de l\u2019exp\u00e9rience migratoire, \u00e0 l\u2019identit\u00e9 plurielle, en passant par l\u2019h\u00e9ritage culinaire, ou encore l\u2019exil culturel et volontaire. Ma d\u00e9marche est profond\u00e9ment marqu\u00e9e par mon identit\u00e9 francophone qui int\u00e8gre naturellement des \u00e9l\u00e9ments de la culture et de la langue.<\/p>\t\t\t\t\t\t\t\t<\/div>\n\t\t\t\t<\/div>\n\t\t\t\t<div class=\"elementor-element elementor-element-d7445ba elementor-widget elementor-widget-raven-image\" data-id=\"d7445ba\" data-element_type=\"widget\" data-e-type=\"widget\" data-widget_type=\"raven-image.default\">\n\t\t\t\t<div class=\"elementor-widget-container\">\n\t\t\t\t\t\t\t<div class=\"raven-image\">\n\t\t\n\t\t\n\t\t<img decoding=\"async\" width=\"362\" height=\"322\" src=\"https:\/\/estellebonetto.ca\/wp-content\/uploads\/2020\/04\/EB-logo-Blanc.jpg\" class=\"attachment-full size-full wp-image-791\" alt=\"\" srcset=\"https:\/\/estellebonetto.ca\/wp-content\/uploads\/2020\/04\/EB-logo-Blanc.jpg 362w, https:\/\/estellebonetto.ca\/wp-content\/uploads\/2020\/04\/EB-logo-Blanc-300x267.jpg 300w\" sizes=\"(max-width: 362px) 100vw, 362px\" \/>\t\t<\/div>\n\t\t\t\t\t\t<\/div>\n\t\t\t\t<\/div>\n\t\t\t\t<div class=\"elementor-element elementor-element-e8b611f elementor-widget elementor-widget-raven-button\" data-id=\"e8b611f\" data-element_type=\"widget\" data-e-type=\"widget\" data-settings=\"{&quot;turn_to_popup_action_button&quot;:&quot;no&quot;}\" data-widget_type=\"raven-button.default\">\n\t\t\t\t<div class=\"elementor-widget-container\">\n\t\t\t\t\t\t\t<div class=\"raven-widget-wrapper\">\n\t\t\t<a class=\"raven-button raven-button-widget-normal-effect-none  raven-button-text-align-center raven-button-link elementor-animation-none\" href=\"http:\/\/about\">\t\t\t\t<div class=\"raven-button-overlay\" ><\/div>\n\t\t\t\t<span class=\"raven-button-content\">\n\t\t\t\t\t\n\t\t\t\t\t<div class=\"button-text-container\">\n\t\t\t\t\t\t\t\t\t\t\t\t<div class=\"raven-button-texts-wrapper\">\n\t\t\t\t\t\t\t<div class=\"button-text\">\n\t\t\t\t\t\t\t\t<span class=\"raven-button-text\">\n\t\t\t\t\t\t\t\t\t\u00c0 propos\t\t\t\t\t\t\t\t<\/span>\n\t\t\t\t\t\t\t<\/div>\n\t\t\t\t\t\t\t\t\t\t\t\t\t<\/div>\n\t\t\t\t\t\t\t\t\t\t\t<\/div>\n\t\t\t\t\t\n\t\t\t\t\t\t\t\t\t<\/span>\n\t\t\t<\/a>\t\t<\/div>\n\t\t\t\t\t\t<\/div>\n\t\t\t\t<\/div>\n\t\t\t\t<div class=\"elementor-element elementor-element-81bb95d elementor-widget elementor-widget-spacer\" data-id=\"81bb95d\" data-element_type=\"widget\" data-e-type=\"widget\" data-widget_type=\"spacer.default\">\n\t\t\t\t<div class=\"elementor-widget-container\">\n\t\t\t\t\t\t\t<div class=\"elementor-spacer\">\n\t\t\t<div class=\"elementor-spacer-inner\"><\/div>\n\t\t<\/div>\n\t\t\t\t\t\t<\/div>\n\t\t\t\t<\/div>\n\t\t\t\t\t<\/div>\n\t\t<\/div>\n\t\t\t\t\t<\/div>\n\t\t<\/section>\n\t\t\t\t<section class=\"elementor-section elementor-top-section elementor-element elementor-element-ae15c93 elementor-section-boxed elementor-section-height-default elementor-section-height-default\" data-id=\"ae15c93\" data-element_type=\"section\" data-e-type=\"section\" data-settings=\"{&quot;jet_parallax_layout_list&quot;:[{&quot;jet_parallax_layout_image&quot;:{&quot;url&quot;:&quot;&quot;,&quot;id&quot;:&quot;&quot;,&quot;size&quot;:&quot;&quot;},&quot;_id&quot;:&quot;c6380f0&quot;,&quot;jet_parallax_layout_speed&quot;:{&quot;unit&quot;:&quot;%&quot;,&quot;size&quot;:&quot;50&quot;,&quot;sizes&quot;:[]},&quot;jet_parallax_layout_bg_x&quot;:&quot;50&quot;,&quot;jet_parallax_layout_bg_y&quot;:&quot;50&quot;,&quot;jet_parallax_layout_image_tablet&quot;:{&quot;url&quot;:&quot;&quot;,&quot;id&quot;:&quot;&quot;,&quot;size&quot;:&quot;&quot;},&quot;jet_parallax_layout_image_mobile&quot;:{&quot;url&quot;:&quot;&quot;,&quot;id&quot;:&quot;&quot;,&quot;size&quot;:&quot;&quot;},&quot;jet_parallax_layout_type&quot;:&quot;scroll&quot;,&quot;jet_parallax_layout_direction&quot;:&quot;1&quot;,&quot;jet_parallax_layout_fx_direction&quot;:null,&quot;jet_parallax_layout_z_index&quot;:&quot;&quot;,&quot;jet_parallax_layout_bg_x_tablet&quot;:&quot;&quot;,&quot;jet_parallax_layout_bg_x_mobile&quot;:&quot;&quot;,&quot;jet_parallax_layout_bg_y_tablet&quot;:&quot;&quot;,&quot;jet_parallax_layout_bg_y_mobile&quot;:&quot;&quot;,&quot;jet_parallax_layout_bg_size&quot;:&quot;auto&quot;,&quot;jet_parallax_layout_bg_size_tablet&quot;:&quot;&quot;,&quot;jet_parallax_layout_bg_size_mobile&quot;:&quot;&quot;,&quot;jet_parallax_layout_animation_prop&quot;:&quot;transform&quot;,&quot;jet_parallax_layout_on&quot;:[&quot;desktop&quot;,&quot;tablet&quot;]}],&quot;background_background&quot;:&quot;classic&quot;}\">\n\t\t\t\t\t\t<div class=\"elementor-container elementor-column-gap-no\">\n\t\t\t\t\t<div class=\"elementor-column elementor-col-100 elementor-top-column elementor-element elementor-element-67001a1\" data-id=\"67001a1\" data-element_type=\"column\" data-e-type=\"column\">\n\t\t\t<div class=\"elementor-widget-wrap elementor-element-populated\">\n\t\t\t\t\t\t<div class=\"elementor-element elementor-element-65d360e elementor-widget elementor-widget-heading\" data-id=\"65d360e\" data-element_type=\"widget\" data-e-type=\"widget\" data-widget_type=\"heading.default\">\n\t\t\t\t<div class=\"elementor-widget-container\">\n\t\t\t\t\t<h4 class=\"elementor-heading-title elementor-size-default\">Le processus cr\u00e9atif<\/h4>\t\t\t\t<\/div>\n\t\t\t\t<\/div>\n\t\t\t\t<div class=\"elementor-element elementor-element-915f84a elementor-widget elementor-widget-heading\" data-id=\"915f84a\" data-element_type=\"widget\" data-e-type=\"widget\" data-widget_type=\"heading.default\">\n\t\t\t\t<div class=\"elementor-widget-container\">\n\t\t\t\t\t<h2 class=\"elementor-heading-title elementor-size-default\">Les outils que j'utilise pour m'exprimer<\/h2>\t\t\t\t<\/div>\n\t\t\t\t<\/div>\n\t\t\t\t<div class=\"elementor-element elementor-element-40f6289 elementor-widget elementor-widget-raven-divider\" data-id=\"40f6289\" data-element_type=\"widget\" data-e-type=\"widget\" data-widget_type=\"raven-divider.default\">\n\t\t\t\t<div class=\"elementor-widget-container\">\n\t\t\t\t\t\t\t<div class=\"raven-widget-wrapper\">\n\t\t\t<div class=\"raven-divider\">\n\t\t\t\t<span class=\"raven-divider-line raven-divider-solid\"><\/span>\n\t\t\t<\/div>\n\t\t<\/div>\n\t\t\t\t\t\t<\/div>\n\t\t\t\t<\/div>\n\t\t\t\t<section class=\"elementor-section elementor-inner-section elementor-element elementor-element-8e9c34a elementor-section-boxed elementor-section-height-default elementor-section-height-default\" data-id=\"8e9c34a\" data-element_type=\"section\" data-e-type=\"section\" data-settings=\"{&quot;jet_parallax_layout_list&quot;:[{&quot;jet_parallax_layout_image&quot;:{&quot;url&quot;:&quot;&quot;,&quot;id&quot;:&quot;&quot;,&quot;size&quot;:&quot;&quot;},&quot;_id&quot;:&quot;43b36f1&quot;,&quot;jet_parallax_layout_speed&quot;:{&quot;unit&quot;:&quot;%&quot;,&quot;size&quot;:&quot;50&quot;,&quot;sizes&quot;:[]},&quot;jet_parallax_layout_bg_x&quot;:&quot;50&quot;,&quot;jet_parallax_layout_bg_y&quot;:&quot;50&quot;,&quot;jet_parallax_layout_image_tablet&quot;:{&quot;url&quot;:&quot;&quot;,&quot;id&quot;:&quot;&quot;,&quot;size&quot;:&quot;&quot;},&quot;jet_parallax_layout_image_mobile&quot;:{&quot;url&quot;:&quot;&quot;,&quot;id&quot;:&quot;&quot;,&quot;size&quot;:&quot;&quot;},&quot;jet_parallax_layout_type&quot;:&quot;scroll&quot;,&quot;jet_parallax_layout_direction&quot;:&quot;1&quot;,&quot;jet_parallax_layout_fx_direction&quot;:null,&quot;jet_parallax_layout_z_index&quot;:&quot;&quot;,&quot;jet_parallax_layout_bg_x_tablet&quot;:&quot;&quot;,&quot;jet_parallax_layout_bg_x_mobile&quot;:&quot;&quot;,&quot;jet_parallax_layout_bg_y_tablet&quot;:&quot;&quot;,&quot;jet_parallax_layout_bg_y_mobile&quot;:&quot;&quot;,&quot;jet_parallax_layout_bg_size&quot;:&quot;auto&quot;,&quot;jet_parallax_layout_bg_size_tablet&quot;:&quot;&quot;,&quot;jet_parallax_layout_bg_size_mobile&quot;:&quot;&quot;,&quot;jet_parallax_layout_animation_prop&quot;:&quot;transform&quot;,&quot;jet_parallax_layout_on&quot;:[&quot;desktop&quot;,&quot;tablet&quot;]}]}\">\n\t\t\t\t\t\t<div class=\"elementor-container elementor-column-gap-no\">\n\t\t\t\t\t<div class=\"elementor-column elementor-col-33 elementor-inner-column elementor-element elementor-element-2e9cb3c\" data-id=\"2e9cb3c\" data-element_type=\"column\" data-e-type=\"column\">\n\t\t\t<div class=\"elementor-widget-wrap elementor-element-populated\">\n\t\t\t\t\t\t<div class=\"elementor-element elementor-element-a1ea5d2 elementor-view-default elementor-position-block-start elementor-mobile-position-block-start elementor-widget elementor-widget-icon-box\" data-id=\"a1ea5d2\" data-element_type=\"widget\" data-e-type=\"widget\" data-widget_type=\"icon-box.default\">\n\t\t\t\t<div class=\"elementor-widget-container\">\n\t\t\t\t\t\t\t<div class=\"elementor-icon-box-wrapper\">\n\n\t\t\t\t\t\t<div class=\"elementor-icon-box-icon\">\n\t\t\t\t<span  class=\"elementor-icon elementor-animation-pulse-shrink\">\n\t\t\t\t<i aria-hidden=\"true\" class=\"fas fa-pen-fancy\"><\/i>\t\t\t\t<\/span>\n\t\t\t<\/div>\n\t\t\t\n\t\t\t\t\t\t<div class=\"elementor-icon-box-content\">\n\n\t\t\t\t\t\t\t\t\t<h3 class=\"elementor-icon-box-title\">\n\t\t\t\t\t\t<span  >\n\t\t\t\t\t\t\tL'\u00e9criture\t\t\t\t\t\t<\/span>\n\t\t\t\t\t<\/h3>\n\t\t\t\t\n\t\t\t\t\t\t\t\t\t<p class=\"elementor-icon-box-description\">\n\t\t\t\t\t\tLe mot est mon moyen d\u2019expression privil\u00e9gi\u00e9. J\u2019aime manier et remanier la langue pour en explorer tous les sens. \t\t\t\t\t<\/p>\n\t\t\t\t\n\t\t\t<\/div>\n\t\t\t\n\t\t<\/div>\n\t\t\t\t\t\t<\/div>\n\t\t\t\t<\/div>\n\t\t\t\t\t<\/div>\n\t\t<\/div>\n\t\t\t\t<div class=\"elementor-column elementor-col-33 elementor-inner-column elementor-element elementor-element-35f5d83\" data-id=\"35f5d83\" data-element_type=\"column\" data-e-type=\"column\">\n\t\t\t<div class=\"elementor-widget-wrap elementor-element-populated\">\n\t\t\t\t\t\t<div class=\"elementor-element elementor-element-741ff00 elementor-view-default elementor-position-block-start elementor-mobile-position-block-start elementor-widget elementor-widget-icon-box\" data-id=\"741ff00\" data-element_type=\"widget\" data-e-type=\"widget\" data-widget_type=\"icon-box.default\">\n\t\t\t\t<div class=\"elementor-widget-container\">\n\t\t\t\t\t\t\t<div class=\"elementor-icon-box-wrapper\">\n\n\t\t\t\t\t\t<div class=\"elementor-icon-box-icon\">\n\t\t\t\t<span  class=\"elementor-icon elementor-animation-pulse-shrink\">\n\t\t\t\t<i aria-hidden=\"true\" class=\"fas fa-camera-retro\"><\/i>\t\t\t\t<\/span>\n\t\t\t<\/div>\n\t\t\t\n\t\t\t\t\t\t<div class=\"elementor-icon-box-content\">\n\n\t\t\t\t\t\t\t\t\t<h3 class=\"elementor-icon-box-title\">\n\t\t\t\t\t\t<span  >\n\t\t\t\t\t\t\tLa photographie\t\t\t\t\t\t<\/span>\n\t\t\t\t\t<\/h3>\n\t\t\t\t\n\t\t\t\t\t\t\t\t\t<p class=\"elementor-icon-box-description\">\n\t\t\t\t\t\tLa photographie est une po\u00e9sie qui se passe de mots. Les images sont pour moi des m\u00e9taphores bien plus parlantes que les mots eux-m\u00eames.\t\t\t\t\t<\/p>\n\t\t\t\t\n\t\t\t<\/div>\n\t\t\t\n\t\t<\/div>\n\t\t\t\t\t\t<\/div>\n\t\t\t\t<\/div>\n\t\t\t\t\t<\/div>\n\t\t<\/div>\n\t\t\t\t<div class=\"elementor-column elementor-col-33 elementor-inner-column elementor-element elementor-element-001076d\" data-id=\"001076d\" data-element_type=\"column\" data-e-type=\"column\">\n\t\t\t<div class=\"elementor-widget-wrap elementor-element-populated\">\n\t\t\t\t\t\t<div class=\"elementor-element elementor-element-eb63632 elementor-view-default elementor-position-block-start elementor-mobile-position-block-start elementor-widget elementor-widget-icon-box\" data-id=\"eb63632\" data-element_type=\"widget\" data-e-type=\"widget\" data-widget_type=\"icon-box.default\">\n\t\t\t\t<div class=\"elementor-widget-container\">\n\t\t\t\t\t\t\t<div class=\"elementor-icon-box-wrapper\">\n\n\t\t\t\t\t\t<div class=\"elementor-icon-box-icon\">\n\t\t\t\t<span  class=\"elementor-icon elementor-animation-pulse-shrink\">\n\t\t\t\t<i aria-hidden=\"true\" class=\"fas fa-paint-brush\"><\/i>\t\t\t\t<\/span>\n\t\t\t<\/div>\n\t\t\t\n\t\t\t\t\t\t<div class=\"elementor-icon-box-content\">\n\n\t\t\t\t\t\t\t\t\t<h3 class=\"elementor-icon-box-title\">\n\t\t\t\t\t\t<span  >\n\t\t\t\t\t\t\tArts visuels\t\t\t\t\t\t<\/span>\n\t\t\t\t\t<\/h3>\n\t\t\t\t\n\t\t\t\t\t\t\t\t\t<p class=\"elementor-icon-box-description\">\n\t\t\t\t\t\tL\u2019art visuel est pour moi une mise en sc\u00e8ne. La r\u00e9union de mes passions, le mot et l\u2019image, formant un tout, une histoire, une trame visuelle.\t\t\t\t\t<\/p>\n\t\t\t\t\n\t\t\t<\/div>\n\t\t\t\n\t\t<\/div>\n\t\t\t\t\t\t<\/div>\n\t\t\t\t<\/div>\n\t\t\t\t\t<\/div>\n\t\t<\/div>\n\t\t\t\t\t<\/div>\n\t\t<\/section>\n\t\t\t\t\t<\/div>\n\t\t<\/div>\n\t\t\t\t\t<\/div>\n\t\t<\/section>\n\t\t\t\t<section class=\"elementor-section elementor-top-section elementor-element elementor-element-7028da5 elementor-hidden-phone elementor-section-boxed elementor-section-height-default elementor-section-height-default\" data-id=\"7028da5\" data-element_type=\"section\" data-e-type=\"section\" data-settings=\"{&quot;jet_parallax_layout_list&quot;:[{&quot;jet_parallax_layout_image&quot;:{&quot;url&quot;:&quot;&quot;,&quot;id&quot;:&quot;&quot;,&quot;size&quot;:&quot;&quot;},&quot;_id&quot;:&quot;9b81261&quot;,&quot;jet_parallax_layout_speed&quot;:{&quot;unit&quot;:&quot;%&quot;,&quot;size&quot;:&quot;50&quot;,&quot;sizes&quot;:[]},&quot;jet_parallax_layout_bg_x&quot;:&quot;50&quot;,&quot;jet_parallax_layout_bg_y&quot;:&quot;50&quot;,&quot;jet_parallax_layout_image_tablet&quot;:{&quot;url&quot;:&quot;&quot;,&quot;id&quot;:&quot;&quot;,&quot;size&quot;:&quot;&quot;},&quot;jet_parallax_layout_image_mobile&quot;:{&quot;url&quot;:&quot;&quot;,&quot;id&quot;:&quot;&quot;,&quot;size&quot;:&quot;&quot;},&quot;jet_parallax_layout_type&quot;:&quot;scroll&quot;,&quot;jet_parallax_layout_direction&quot;:&quot;1&quot;,&quot;jet_parallax_layout_fx_direction&quot;:null,&quot;jet_parallax_layout_z_index&quot;:&quot;&quot;,&quot;jet_parallax_layout_bg_x_tablet&quot;:&quot;&quot;,&quot;jet_parallax_layout_bg_x_mobile&quot;:&quot;&quot;,&quot;jet_parallax_layout_bg_y_tablet&quot;:&quot;&quot;,&quot;jet_parallax_layout_bg_y_mobile&quot;:&quot;&quot;,&quot;jet_parallax_layout_bg_size&quot;:&quot;auto&quot;,&quot;jet_parallax_layout_bg_size_tablet&quot;:&quot;&quot;,&quot;jet_parallax_layout_bg_size_mobile&quot;:&quot;&quot;,&quot;jet_parallax_layout_animation_prop&quot;:&quot;transform&quot;,&quot;jet_parallax_layout_on&quot;:[&quot;desktop&quot;,&quot;tablet&quot;]}],&quot;background_background&quot;:&quot;classic&quot;}\">\n\t\t\t\t\t\t<div class=\"elementor-container elementor-column-gap-no\">\n\t\t\t\t\t<div class=\"elementor-column elementor-col-100 elementor-top-column elementor-element elementor-element-f111c03\" data-id=\"f111c03\" data-element_type=\"column\" data-e-type=\"column\">\n\t\t\t<div class=\"elementor-widget-wrap elementor-element-populated\">\n\t\t\t\t\t\t<div class=\"elementor-element elementor-element-1ab41e0 elementor-widget elementor-widget-heading\" data-id=\"1ab41e0\" data-element_type=\"widget\" data-e-type=\"widget\" data-widget_type=\"heading.default\">\n\t\t\t\t<div class=\"elementor-widget-container\">\n\t\t\t\t\t<h4 class=\"elementor-heading-title elementor-size-default\">Aper\u00e7u de mes travaux<\/h4>\t\t\t\t<\/div>\n\t\t\t\t<\/div>\n\t\t\t\t<div class=\"elementor-element elementor-element-448852c elementor-widget elementor-widget-heading\" data-id=\"448852c\" data-element_type=\"widget\" data-e-type=\"widget\" data-widget_type=\"heading.default\">\n\t\t\t\t<div class=\"elementor-widget-container\">\n\t\t\t\t\t<h2 class=\"elementor-heading-title elementor-size-default\">Expositions<\/h2>\t\t\t\t<\/div>\n\t\t\t\t<\/div>\n\t\t\t\t<div class=\"elementor-element elementor-element-ac62fa7 elementor-widget elementor-widget-raven-divider\" data-id=\"ac62fa7\" data-element_type=\"widget\" data-e-type=\"widget\" data-widget_type=\"raven-divider.default\">\n\t\t\t\t<div class=\"elementor-widget-container\">\n\t\t\t\t\t\t\t<div class=\"raven-widget-wrapper\">\n\t\t\t<div class=\"raven-divider\">\n\t\t\t\t<span class=\"raven-divider-line raven-divider-solid\"><\/span>\n\t\t\t<\/div>\n\t\t<\/div>\n\t\t\t\t\t\t<\/div>\n\t\t\t\t<\/div>\n\t\t\t\t<div class=\"elementor-element elementor-element-bb79196 elementor-position-left elementor-vertical-align-top elementor-widget elementor-widget-image-box\" data-id=\"bb79196\" data-element_type=\"widget\" data-e-type=\"widget\" data-widget_type=\"image-box.default\">\n\t\t\t\t<div class=\"elementor-widget-container\">\n\t\t\t\t\t<div class=\"elementor-image-box-wrapper\"><figure class=\"elementor-image-box-img\"><img loading=\"lazy\" decoding=\"async\" width=\"359\" height=\"257\" src=\"https:\/\/estellebonetto.ca\/wp-content\/uploads\/2021\/07\/Picture2-1.png\" class=\"attachment-full size-full wp-image-1021\" alt=\"\" srcset=\"https:\/\/estellebonetto.ca\/wp-content\/uploads\/2021\/07\/Picture2-1.png 359w, https:\/\/estellebonetto.ca\/wp-content\/uploads\/2021\/07\/Picture2-1-300x215.png 300w\" sizes=\"(max-width: 359px) 100vw, 359px\" \/><\/figure><div class=\"elementor-image-box-content\"><h3 class=\"elementor-image-box-title\">\u00c9chos \u2013 R\u00e9:flexions  (Saskatoon, SK)<\/h3><p class=\"elementor-image-box-description\">Installation photographique \u00e0 la Galerie BAM, \u00e0 Saskatoon, dans le cadre du projet Mentorat et visibilit\u00e9 du Conseil culturel fransaskois (juin 2020)<\/p><\/div><\/div>\t\t\t\t<\/div>\n\t\t\t\t<\/div>\n\t\t\t\t<div class=\"elementor-element elementor-element-10978ca elementor-position-left elementor-vertical-align-top elementor-widget elementor-widget-image-box\" data-id=\"10978ca\" data-element_type=\"widget\" data-e-type=\"widget\" data-widget_type=\"image-box.default\">\n\t\t\t\t<div class=\"elementor-widget-container\">\n\t\t\t\t\t<div class=\"elementor-image-box-wrapper\"><figure class=\"elementor-image-box-img\"><img loading=\"lazy\" decoding=\"async\" width=\"317\" height=\"389\" src=\"https:\/\/estellebonetto.ca\/wp-content\/uploads\/2021\/07\/Picture34.png\" class=\"attachment-full size-full wp-image-898\" alt=\"\" srcset=\"https:\/\/estellebonetto.ca\/wp-content\/uploads\/2021\/07\/Picture34.png 317w, https:\/\/estellebonetto.ca\/wp-content\/uploads\/2021\/07\/Picture34-244x300.png 244w\" sizes=\"(max-width: 317px) 100vw, 317px\" \/><\/figure><div class=\"elementor-image-box-content\"><h3 class=\"elementor-image-box-title\">Il \u00e9tait une fois\u2026\nGalerie tresart (Durham, Qu\u00e9bec)<\/h3><p class=\"elementor-image-box-description\">5 oeuvres photographiques pr\u00e9sent\u00e9es dans le cadre d'une exposition collective (janvier \u00e0 mars 2019)<\/p><\/div><\/div>\t\t\t\t<\/div>\n\t\t\t\t<\/div>\n\t\t\t\t<div class=\"elementor-element elementor-element-a7602e5 elementor-position-left elementor-vertical-align-top elementor-widget elementor-widget-image-box\" data-id=\"a7602e5\" data-element_type=\"widget\" data-e-type=\"widget\" data-widget_type=\"image-box.default\">\n\t\t\t\t<div class=\"elementor-widget-container\">\n\t\t\t\t\t<div class=\"elementor-image-box-wrapper\"><figure class=\"elementor-image-box-img\"><img loading=\"lazy\" decoding=\"async\" width=\"562\" height=\"373\" src=\"https:\/\/estellebonetto.ca\/wp-content\/uploads\/2021\/07\/Picture27.png\" class=\"attachment-full size-full wp-image-887\" alt=\"\" srcset=\"https:\/\/estellebonetto.ca\/wp-content\/uploads\/2021\/07\/Picture27.png 562w, https:\/\/estellebonetto.ca\/wp-content\/uploads\/2021\/07\/Picture27-300x199.png 300w\" sizes=\"(max-width: 562px) 100vw, 562px\" \/><\/figure><div class=\"elementor-image-box-content\"><h3 class=\"elementor-image-box-title\">R\u00e9-cr\u00e9ations \u2013 2019 Nuit Blanche (Regina, SK)<\/h3><p class=\"elementor-image-box-description\">Projection photographique lors du festival Nuit Blanche. Exploration photographique \u00e0 travers le prisme du miroir qui d\u00e9forme la r\u00e9alit\u00e9 tout en r\u00e9v\u00e9lant ses beaut\u00e9s.<\/p><\/div><\/div>\t\t\t\t<\/div>\n\t\t\t\t<\/div>\n\t\t\t\t<div class=\"elementor-element elementor-element-b5bd8f4 elementor-position-left elementor-vertical-align-top elementor-widget elementor-widget-image-box\" data-id=\"b5bd8f4\" data-element_type=\"widget\" data-e-type=\"widget\" data-widget_type=\"image-box.default\">\n\t\t\t\t<div class=\"elementor-widget-container\">\n\t\t\t\t\t<div class=\"elementor-image-box-wrapper\"><figure class=\"elementor-image-box-img\"><img loading=\"lazy\" decoding=\"async\" width=\"514\" height=\"565\" src=\"https:\/\/estellebonetto.ca\/wp-content\/uploads\/2021\/07\/Couverture-Recueil.jpg\" class=\"attachment-full size-full wp-image-917\" alt=\"\" srcset=\"https:\/\/estellebonetto.ca\/wp-content\/uploads\/2021\/07\/Couverture-Recueil.jpg 514w, https:\/\/estellebonetto.ca\/wp-content\/uploads\/2021\/07\/Couverture-Recueil-273x300.jpg 273w\" sizes=\"(max-width: 514px) 100vw, 514px\" \/><\/figure><div class=\"elementor-image-box-content\"><h3 class=\"elementor-image-box-title\">\u00c0 fleur d\u2019\u00e2ge \u2013 2018 Recueil de po\u00e9sie photographique<\/h3><p class=\"elementor-image-box-description\">Le point culminant du travail exploratoire de Banff. Installation photographique et po\u00e9tique (mosa\u00efque murale et collage) sur notre rapport \u00e0 la nourriture d'un point de vue culturel.<\/p><\/div><\/div>\t\t\t\t<\/div>\n\t\t\t\t<\/div>\n\t\t\t\t<div class=\"elementor-element elementor-element-50288c9 elementor-position-left elementor-vertical-align-top elementor-widget elementor-widget-image-box\" data-id=\"50288c9\" data-element_type=\"widget\" data-e-type=\"widget\" data-widget_type=\"image-box.default\">\n\t\t\t\t<div class=\"elementor-widget-container\">\n\t\t\t\t\t<div class=\"elementor-image-box-wrapper\"><figure class=\"elementor-image-box-img\"><img loading=\"lazy\" decoding=\"async\" width=\"300\" height=\"300\" src=\"https:\/\/estellebonetto.ca\/wp-content\/uploads\/2021\/07\/7D3E0004-7DD3-46F9-B765-095DF8C6DB9A_1_201_a-300x300.jpeg\" class=\"attachment-medium size-medium wp-image-728\" alt=\"\" srcset=\"https:\/\/estellebonetto.ca\/wp-content\/uploads\/2021\/07\/7D3E0004-7DD3-46F9-B765-095DF8C6DB9A_1_201_a-300x300.jpeg 300w, https:\/\/estellebonetto.ca\/wp-content\/uploads\/2021\/07\/7D3E0004-7DD3-46F9-B765-095DF8C6DB9A_1_201_a-1024x1024.jpeg 1024w, https:\/\/estellebonetto.ca\/wp-content\/uploads\/2021\/07\/7D3E0004-7DD3-46F9-B765-095DF8C6DB9A_1_201_a-150x150.jpeg 150w, https:\/\/estellebonetto.ca\/wp-content\/uploads\/2021\/07\/7D3E0004-7DD3-46F9-B765-095DF8C6DB9A_1_201_a-768x768.jpeg 768w, https:\/\/estellebonetto.ca\/wp-content\/uploads\/2021\/07\/7D3E0004-7DD3-46F9-B765-095DF8C6DB9A_1_201_a-1536x1536.jpeg 1536w, https:\/\/estellebonetto.ca\/wp-content\/uploads\/2021\/07\/7D3E0004-7DD3-46F9-B765-095DF8C6DB9A_1_201_a-2048x2048.jpeg 2048w, https:\/\/estellebonetto.ca\/wp-content\/uploads\/2021\/07\/7D3E0004-7DD3-46F9-B765-095DF8C6DB9A_1_201_a-500x500.jpeg 500w\" sizes=\"(max-width: 300px) 100vw, 300px\" \/><\/figure><div class=\"elementor-image-box-content\"><h3 class=\"elementor-image-box-title\">La main \u00e0 la bouche \u2013 2018 Universit\u00e9 de Regina<\/h3><p class=\"elementor-image-box-description\">Le point culminant du travail exploratoire de Banff. Installation photographique et po\u00e9tique (mosa\u00efque murale et collage) sur notre rapport \u00e0 la nourriture d'un point de vue culturel.<\/p><\/div><\/div>\t\t\t\t<\/div>\n\t\t\t\t<\/div>\n\t\t\t\t<div class=\"elementor-element elementor-element-528e010 elementor-position-left elementor-vertical-align-top elementor-widget elementor-widget-image-box\" data-id=\"528e010\" data-element_type=\"widget\" data-e-type=\"widget\" data-widget_type=\"image-box.default\">\n\t\t\t\t<div class=\"elementor-widget-container\">\n\t\t\t\t\t<div class=\"elementor-image-box-wrapper\"><figure class=\"elementor-image-box-img\"><img loading=\"lazy\" decoding=\"async\" width=\"300\" height=\"184\" src=\"https:\/\/estellebonetto.ca\/wp-content\/uploads\/2021\/07\/Fleur-cropped-300x184.jpg\" class=\"attachment-medium size-medium wp-image-787\" alt=\"\" srcset=\"https:\/\/estellebonetto.ca\/wp-content\/uploads\/2021\/07\/Fleur-cropped-300x184.jpg 300w, https:\/\/estellebonetto.ca\/wp-content\/uploads\/2021\/07\/Fleur-cropped-1024x627.jpg 1024w, https:\/\/estellebonetto.ca\/wp-content\/uploads\/2021\/07\/Fleur-cropped-768x470.jpg 768w, https:\/\/estellebonetto.ca\/wp-content\/uploads\/2021\/07\/Fleur-cropped-1536x940.jpg 1536w, https:\/\/estellebonetto.ca\/wp-content\/uploads\/2021\/07\/Fleur-cropped-2048x1254.jpg 2048w\" sizes=\"(max-width: 300px) 100vw, 300px\" \/><\/figure><div class=\"elementor-image-box-content\"><h3 class=\"elementor-image-box-title\">Fragments de pollinisation \u2013 2017 New Dance Horizons (Regina, SK)<\/h3><p class=\"elementor-image-box-description\">Collection sp\u00e9ciale pour la Tourn\u00e9e Jardins Secrets de New Dance Horizons, exposition \u00e0 la Chapelle Jean-Paul II.<\/p><\/div><\/div>\t\t\t\t<\/div>\n\t\t\t\t<\/div>\n\t\t\t\t<div class=\"elementor-element elementor-element-c3b38b7 elementor-position-left elementor-vertical-align-top elementor-widget elementor-widget-image-box\" data-id=\"c3b38b7\" data-element_type=\"widget\" data-e-type=\"widget\" data-widget_type=\"image-box.default\">\n\t\t\t\t<div class=\"elementor-widget-container\">\n\t\t\t\t\t<div class=\"elementor-image-box-wrapper\"><figure class=\"elementor-image-box-img\"><img loading=\"lazy\" decoding=\"async\" width=\"2000\" height=\"1157\" src=\"https:\/\/estellebonetto.ca\/wp-content\/uploads\/2021\/07\/Mains-cropped.jpg\" class=\"attachment-full size-full wp-image-802\" alt=\"\" srcset=\"https:\/\/estellebonetto.ca\/wp-content\/uploads\/2021\/07\/Mains-cropped.jpg 2000w, https:\/\/estellebonetto.ca\/wp-content\/uploads\/2021\/07\/Mains-cropped-300x174.jpg 300w, https:\/\/estellebonetto.ca\/wp-content\/uploads\/2021\/07\/Mains-cropped-1024x592.jpg 1024w, https:\/\/estellebonetto.ca\/wp-content\/uploads\/2021\/07\/Mains-cropped-768x444.jpg 768w, https:\/\/estellebonetto.ca\/wp-content\/uploads\/2021\/07\/Mains-cropped-1536x889.jpg 1536w\" sizes=\"(max-width: 2000px) 100vw, 2000px\" \/><\/figure><div class=\"elementor-image-box-content\"><h3 class=\"elementor-image-box-title\">H\u00e9ritage culinaire \u2013 2017 Installation exploratoire (Banff Centre, AB)<\/h3><p class=\"elementor-image-box-description\">Travail exploratoire et installation avec la mentor en arts visuels Diane Gougeon au Centre de d\u00e9veloppement cr\u00e9atif et professionnel de Banff.<\/p><\/div><\/div>\t\t\t\t<\/div>\n\t\t\t\t<\/div>\n\t\t\t\t<div class=\"elementor-element elementor-element-7d64985 elementor-position-left elementor-vertical-align-top elementor-widget elementor-widget-image-box\" data-id=\"7d64985\" data-element_type=\"widget\" data-e-type=\"widget\" data-widget_type=\"image-box.default\">\n\t\t\t\t<div class=\"elementor-widget-container\">\n\t\t\t\t\t<div class=\"elementor-image-box-wrapper\"><figure class=\"elementor-image-box-img\"><img loading=\"lazy\" decoding=\"async\" width=\"463\" height=\"259\" src=\"https:\/\/estellebonetto.ca\/wp-content\/uploads\/2021\/07\/Picture4.png\" class=\"attachment-full size-full wp-image-875\" alt=\"\" srcset=\"https:\/\/estellebonetto.ca\/wp-content\/uploads\/2021\/07\/Picture4.png 463w, https:\/\/estellebonetto.ca\/wp-content\/uploads\/2021\/07\/Picture4-300x168.png 300w\" sizes=\"(max-width: 463px) 100vw, 463px\" \/><\/figure><div class=\"elementor-image-box-content\"><h3 class=\"elementor-image-box-title\">Fragments d\u2019identit\u00e9 \u2013 2016 Universit\u00e9 de Regina<\/h3><p class=\"elementor-image-box-description\">Installation photographique solo pr\u00e9sentant une soixantaine de photos et po\u00e8mes en bouteille<\/p><\/div><\/div>\t\t\t\t<\/div>\n\t\t\t\t<\/div>\n\t\t\t\t<div class=\"elementor-element elementor-element-ed26554 elementor-position-left elementor-vertical-align-top elementor-widget elementor-widget-image-box\" data-id=\"ed26554\" data-element_type=\"widget\" data-e-type=\"widget\" data-widget_type=\"image-box.default\">\n\t\t\t\t<div class=\"elementor-widget-container\">\n\t\t\t\t\t<div class=\"elementor-image-box-wrapper\"><figure class=\"elementor-image-box-img\"><img loading=\"lazy\" decoding=\"async\" width=\"421\" height=\"279\" src=\"https:\/\/estellebonetto.ca\/wp-content\/uploads\/2021\/07\/Embouteillees-Picture3.jpg\" class=\"attachment-full size-full wp-image-873\" alt=\"\" srcset=\"https:\/\/estellebonetto.ca\/wp-content\/uploads\/2021\/07\/Embouteillees-Picture3.jpg 421w, https:\/\/estellebonetto.ca\/wp-content\/uploads\/2021\/07\/Embouteillees-Picture3-300x199.jpg 300w\" sizes=\"(max-width: 421px) 100vw, 421px\" \/><\/figure><div class=\"elementor-image-box-content\"><h3 class=\"elementor-image-box-title\">Embouteill\u00e9es \u2013 2015 Galerie Joe Fafard (Regina, SK)<\/h3><p class=\"elementor-image-box-description\">Pr\u00e9sentation de six bouteilles lors d'une exposition collective c\u00e9l\u00e9brant le 50e anniversaire de l'Association canadienne-fran\u00e7aise de Regina.<\/p><\/div><\/div>\t\t\t\t<\/div>\n\t\t\t\t<\/div>\n\t\t\t\t\t<\/div>\n\t\t<\/div>\n\t\t\t\t\t<\/div>\n\t\t<\/section>\n\t\t\t\t<section class=\"elementor-section elementor-top-section elementor-element elementor-element-e678822 elementor-hidden-desktop elementor-hidden-tablet elementor-section-boxed elementor-section-height-default elementor-section-height-default\" data-id=\"e678822\" data-element_type=\"section\" data-e-type=\"section\" data-settings=\"{&quot;jet_parallax_layout_list&quot;:[{&quot;jet_parallax_layout_image&quot;:{&quot;url&quot;:&quot;&quot;,&quot;id&quot;:&quot;&quot;,&quot;size&quot;:&quot;&quot;},&quot;_id&quot;:&quot;9b81261&quot;,&quot;jet_parallax_layout_speed&quot;:{&quot;unit&quot;:&quot;%&quot;,&quot;size&quot;:&quot;50&quot;,&quot;sizes&quot;:[]},&quot;jet_parallax_layout_bg_x&quot;:&quot;50&quot;,&quot;jet_parallax_layout_bg_y&quot;:&quot;50&quot;,&quot;jet_parallax_layout_image_tablet&quot;:{&quot;url&quot;:&quot;&quot;,&quot;id&quot;:&quot;&quot;,&quot;size&quot;:&quot;&quot;},&quot;jet_parallax_layout_image_mobile&quot;:{&quot;url&quot;:&quot;&quot;,&quot;id&quot;:&quot;&quot;,&quot;size&quot;:&quot;&quot;},&quot;jet_parallax_layout_type&quot;:&quot;scroll&quot;,&quot;jet_parallax_layout_direction&quot;:&quot;1&quot;,&quot;jet_parallax_layout_fx_direction&quot;:null,&quot;jet_parallax_layout_z_index&quot;:&quot;&quot;,&quot;jet_parallax_layout_bg_x_tablet&quot;:&quot;&quot;,&quot;jet_parallax_layout_bg_x_mobile&quot;:&quot;&quot;,&quot;jet_parallax_layout_bg_y_tablet&quot;:&quot;&quot;,&quot;jet_parallax_layout_bg_y_mobile&quot;:&quot;&quot;,&quot;jet_parallax_layout_bg_size&quot;:&quot;auto&quot;,&quot;jet_parallax_layout_bg_size_tablet&quot;:&quot;&quot;,&quot;jet_parallax_layout_bg_size_mobile&quot;:&quot;&quot;,&quot;jet_parallax_layout_animation_prop&quot;:&quot;transform&quot;,&quot;jet_parallax_layout_on&quot;:[&quot;desktop&quot;,&quot;tablet&quot;]}],&quot;background_background&quot;:&quot;classic&quot;}\">\n\t\t\t\t\t\t<div class=\"elementor-container elementor-column-gap-no\">\n\t\t\t\t\t<div class=\"elementor-column elementor-col-100 elementor-top-column elementor-element elementor-element-06cbce7\" data-id=\"06cbce7\" data-element_type=\"column\" data-e-type=\"column\">\n\t\t\t<div class=\"elementor-widget-wrap elementor-element-populated\">\n\t\t\t\t\t\t<div class=\"elementor-element elementor-element-aef9369 elementor-widget elementor-widget-heading\" data-id=\"aef9369\" data-element_type=\"widget\" data-e-type=\"widget\" data-widget_type=\"heading.default\">\n\t\t\t\t<div class=\"elementor-widget-container\">\n\t\t\t\t\t<h4 class=\"elementor-heading-title elementor-size-default\">Aper\u00e7u de mes travaux<\/h4>\t\t\t\t<\/div>\n\t\t\t\t<\/div>\n\t\t\t\t<div class=\"elementor-element elementor-element-4bd8f9c elementor-widget elementor-widget-heading\" data-id=\"4bd8f9c\" data-element_type=\"widget\" data-e-type=\"widget\" data-widget_type=\"heading.default\">\n\t\t\t\t<div class=\"elementor-widget-container\">\n\t\t\t\t\t<h2 class=\"elementor-heading-title elementor-size-default\">Expositions<\/h2>\t\t\t\t<\/div>\n\t\t\t\t<\/div>\n\t\t\t\t<div class=\"elementor-element elementor-element-7a5d0b3 elementor-widget elementor-widget-raven-divider\" data-id=\"7a5d0b3\" data-element_type=\"widget\" data-e-type=\"widget\" data-widget_type=\"raven-divider.default\">\n\t\t\t\t<div class=\"elementor-widget-container\">\n\t\t\t\t\t\t\t<div class=\"raven-widget-wrapper\">\n\t\t\t<div class=\"raven-divider\">\n\t\t\t\t<span class=\"raven-divider-line raven-divider-solid\"><\/span>\n\t\t\t<\/div>\n\t\t<\/div>\n\t\t\t\t\t\t<\/div>\n\t\t\t\t<\/div>\n\t\t\t\t<div class=\"elementor-element elementor-element-e5edb96 elementor-position-top elementor-widget elementor-widget-image-box\" data-id=\"e5edb96\" data-element_type=\"widget\" data-e-type=\"widget\" data-widget_type=\"image-box.default\">\n\t\t\t\t<div class=\"elementor-widget-container\">\n\t\t\t\t\t<div class=\"elementor-image-box-wrapper\"><figure class=\"elementor-image-box-img\"><img loading=\"lazy\" decoding=\"async\" width=\"359\" height=\"257\" src=\"https:\/\/estellebonetto.ca\/wp-content\/uploads\/2021\/07\/Picture2-1.png\" class=\"attachment-full size-full wp-image-1021\" alt=\"\" srcset=\"https:\/\/estellebonetto.ca\/wp-content\/uploads\/2021\/07\/Picture2-1.png 359w, https:\/\/estellebonetto.ca\/wp-content\/uploads\/2021\/07\/Picture2-1-300x215.png 300w\" sizes=\"(max-width: 359px) 100vw, 359px\" \/><\/figure><div class=\"elementor-image-box-content\"><h3 class=\"elementor-image-box-title\">\u00c9chos \u2013 R\u00e9:flexions  (Saskatoon, SK)<\/h3><p class=\"elementor-image-box-description\">Installation photographique \u00e0 la Galerie BAM, \u00e0 Saskatoon, dans le cadre du projet Mentorat et visibilit\u00e9 du Conseil culturel fransaskois (juin 2020)<\/p><\/div><\/div>\t\t\t\t<\/div>\n\t\t\t\t<\/div>\n\t\t\t\t<div class=\"elementor-element elementor-element-ba60124 elementor-position-top elementor-widget elementor-widget-image-box\" data-id=\"ba60124\" data-element_type=\"widget\" data-e-type=\"widget\" data-widget_type=\"image-box.default\">\n\t\t\t\t<div class=\"elementor-widget-container\">\n\t\t\t\t\t<div class=\"elementor-image-box-wrapper\"><figure class=\"elementor-image-box-img\"><img loading=\"lazy\" decoding=\"async\" width=\"317\" height=\"389\" src=\"https:\/\/estellebonetto.ca\/wp-content\/uploads\/2021\/07\/Picture34.png\" class=\"attachment-full size-full wp-image-898\" alt=\"\" srcset=\"https:\/\/estellebonetto.ca\/wp-content\/uploads\/2021\/07\/Picture34.png 317w, https:\/\/estellebonetto.ca\/wp-content\/uploads\/2021\/07\/Picture34-244x300.png 244w\" sizes=\"(max-width: 317px) 100vw, 317px\" \/><\/figure><div class=\"elementor-image-box-content\"><h3 class=\"elementor-image-box-title\">Il \u00e9tait une fois\u2026\nGalerie tresart (Durham, Qu\u00e9bec)<\/h3><p class=\"elementor-image-box-description\">5 oeuvres photographiques pr\u00e9sent\u00e9es dans le cadre d'une exposition collective (janvier \u00e0 mars 2019)<\/p><\/div><\/div>\t\t\t\t<\/div>\n\t\t\t\t<\/div>\n\t\t\t\t<div class=\"elementor-element elementor-element-efb7fe1 elementor-position-top elementor-widget elementor-widget-image-box\" data-id=\"efb7fe1\" data-element_type=\"widget\" data-e-type=\"widget\" data-widget_type=\"image-box.default\">\n\t\t\t\t<div class=\"elementor-widget-container\">\n\t\t\t\t\t<div class=\"elementor-image-box-wrapper\"><figure class=\"elementor-image-box-img\"><img loading=\"lazy\" decoding=\"async\" width=\"562\" height=\"373\" src=\"https:\/\/estellebonetto.ca\/wp-content\/uploads\/2021\/07\/Picture27.png\" class=\"attachment-full size-full wp-image-887\" alt=\"\" srcset=\"https:\/\/estellebonetto.ca\/wp-content\/uploads\/2021\/07\/Picture27.png 562w, https:\/\/estellebonetto.ca\/wp-content\/uploads\/2021\/07\/Picture27-300x199.png 300w\" sizes=\"(max-width: 562px) 100vw, 562px\" \/><\/figure><div class=\"elementor-image-box-content\"><h3 class=\"elementor-image-box-title\">R\u00e9-cr\u00e9ations \u2013 2019 Nuit Blanche (Regina, SK)<\/h3><p class=\"elementor-image-box-description\">Projection photographique lors du festival Nuit Blanche. Exploration photographique \u00e0 travers le prisme du miroir qui d\u00e9forme la r\u00e9alit\u00e9 tout en r\u00e9v\u00e9lant ses beaut\u00e9s.<\/p><\/div><\/div>\t\t\t\t<\/div>\n\t\t\t\t<\/div>\n\t\t\t\t<div class=\"elementor-element elementor-element-74ffdd2 elementor-position-top elementor-widget elementor-widget-image-box\" data-id=\"74ffdd2\" data-element_type=\"widget\" data-e-type=\"widget\" data-widget_type=\"image-box.default\">\n\t\t\t\t<div class=\"elementor-widget-container\">\n\t\t\t\t\t<div class=\"elementor-image-box-wrapper\"><figure class=\"elementor-image-box-img\"><img loading=\"lazy\" decoding=\"async\" width=\"514\" height=\"565\" src=\"https:\/\/estellebonetto.ca\/wp-content\/uploads\/2021\/07\/Couverture-Recueil.jpg\" class=\"attachment-full size-full wp-image-917\" alt=\"\" srcset=\"https:\/\/estellebonetto.ca\/wp-content\/uploads\/2021\/07\/Couverture-Recueil.jpg 514w, https:\/\/estellebonetto.ca\/wp-content\/uploads\/2021\/07\/Couverture-Recueil-273x300.jpg 273w\" sizes=\"(max-width: 514px) 100vw, 514px\" \/><\/figure><div class=\"elementor-image-box-content\"><h3 class=\"elementor-image-box-title\">\u00c0 fleur d\u2019\u00e2ge \u2013 2018 Recueil de po\u00e9sie photographique<\/h3><p class=\"elementor-image-box-description\">Le point culminant du travail exploratoire de Banff. Installation photographique et po\u00e9tique (mosa\u00efque murale et collage) sur notre rapport \u00e0 la nourriture d'un point de vue culturel.<\/p><\/div><\/div>\t\t\t\t<\/div>\n\t\t\t\t<\/div>\n\t\t\t\t<div class=\"elementor-element elementor-element-971bb46 elementor-position-top elementor-widget elementor-widget-image-box\" data-id=\"971bb46\" data-element_type=\"widget\" data-e-type=\"widget\" data-widget_type=\"image-box.default\">\n\t\t\t\t<div class=\"elementor-widget-container\">\n\t\t\t\t\t<div class=\"elementor-image-box-wrapper\"><figure class=\"elementor-image-box-img\"><img loading=\"lazy\" decoding=\"async\" width=\"300\" height=\"300\" src=\"https:\/\/estellebonetto.ca\/wp-content\/uploads\/2021\/07\/7D3E0004-7DD3-46F9-B765-095DF8C6DB9A_1_201_a-300x300.jpeg\" class=\"attachment-medium size-medium wp-image-728\" alt=\"\" srcset=\"https:\/\/estellebonetto.ca\/wp-content\/uploads\/2021\/07\/7D3E0004-7DD3-46F9-B765-095DF8C6DB9A_1_201_a-300x300.jpeg 300w, https:\/\/estellebonetto.ca\/wp-content\/uploads\/2021\/07\/7D3E0004-7DD3-46F9-B765-095DF8C6DB9A_1_201_a-1024x1024.jpeg 1024w, https:\/\/estellebonetto.ca\/wp-content\/uploads\/2021\/07\/7D3E0004-7DD3-46F9-B765-095DF8C6DB9A_1_201_a-150x150.jpeg 150w, https:\/\/estellebonetto.ca\/wp-content\/uploads\/2021\/07\/7D3E0004-7DD3-46F9-B765-095DF8C6DB9A_1_201_a-768x768.jpeg 768w, https:\/\/estellebonetto.ca\/wp-content\/uploads\/2021\/07\/7D3E0004-7DD3-46F9-B765-095DF8C6DB9A_1_201_a-1536x1536.jpeg 1536w, https:\/\/estellebonetto.ca\/wp-content\/uploads\/2021\/07\/7D3E0004-7DD3-46F9-B765-095DF8C6DB9A_1_201_a-2048x2048.jpeg 2048w, https:\/\/estellebonetto.ca\/wp-content\/uploads\/2021\/07\/7D3E0004-7DD3-46F9-B765-095DF8C6DB9A_1_201_a-500x500.jpeg 500w\" sizes=\"(max-width: 300px) 100vw, 300px\" \/><\/figure><div class=\"elementor-image-box-content\"><h3 class=\"elementor-image-box-title\">La main \u00e0 la bouche \u2013 2018 Universit\u00e9 de Regina<\/h3><p class=\"elementor-image-box-description\">Le point culminant du travail exploratoire de Banff. Installation photographique et po\u00e9tique (mosa\u00efque murale et collage) sur notre rapport \u00e0 la nourriture d'un point de vue culturel.<\/p><\/div><\/div>\t\t\t\t<\/div>\n\t\t\t\t<\/div>\n\t\t\t\t<div class=\"elementor-element elementor-element-74fcd75 elementor-position-top elementor-widget elementor-widget-image-box\" data-id=\"74fcd75\" data-element_type=\"widget\" data-e-type=\"widget\" data-widget_type=\"image-box.default\">\n\t\t\t\t<div class=\"elementor-widget-container\">\n\t\t\t\t\t<div class=\"elementor-image-box-wrapper\"><figure class=\"elementor-image-box-img\"><img loading=\"lazy\" decoding=\"async\" width=\"300\" height=\"184\" src=\"https:\/\/estellebonetto.ca\/wp-content\/uploads\/2021\/07\/Fleur-cropped-300x184.jpg\" class=\"attachment-medium size-medium wp-image-787\" alt=\"\" srcset=\"https:\/\/estellebonetto.ca\/wp-content\/uploads\/2021\/07\/Fleur-cropped-300x184.jpg 300w, https:\/\/estellebonetto.ca\/wp-content\/uploads\/2021\/07\/Fleur-cropped-1024x627.jpg 1024w, https:\/\/estellebonetto.ca\/wp-content\/uploads\/2021\/07\/Fleur-cropped-768x470.jpg 768w, https:\/\/estellebonetto.ca\/wp-content\/uploads\/2021\/07\/Fleur-cropped-1536x940.jpg 1536w, https:\/\/estellebonetto.ca\/wp-content\/uploads\/2021\/07\/Fleur-cropped-2048x1254.jpg 2048w\" sizes=\"(max-width: 300px) 100vw, 300px\" \/><\/figure><div class=\"elementor-image-box-content\"><h3 class=\"elementor-image-box-title\">Fragments de pollinisation \u2013 2017 New Dance Horizons (Regina, SK)<\/h3><p class=\"elementor-image-box-description\">Collection sp\u00e9ciale pour la Tourn\u00e9e Jardins Secrets de New Dance Horizons, exposition \u00e0 la Chapelle Jean-Paul II.<\/p><\/div><\/div>\t\t\t\t<\/div>\n\t\t\t\t<\/div>\n\t\t\t\t<div class=\"elementor-element elementor-element-d0ed4a3 elementor-position-top elementor-widget elementor-widget-image-box\" data-id=\"d0ed4a3\" data-element_type=\"widget\" data-e-type=\"widget\" data-widget_type=\"image-box.default\">\n\t\t\t\t<div class=\"elementor-widget-container\">\n\t\t\t\t\t<div class=\"elementor-image-box-wrapper\"><figure class=\"elementor-image-box-img\"><img loading=\"lazy\" decoding=\"async\" width=\"2000\" height=\"1157\" src=\"https:\/\/estellebonetto.ca\/wp-content\/uploads\/2021\/07\/Mains-cropped.jpg\" class=\"attachment-full size-full wp-image-802\" alt=\"\" srcset=\"https:\/\/estellebonetto.ca\/wp-content\/uploads\/2021\/07\/Mains-cropped.jpg 2000w, https:\/\/estellebonetto.ca\/wp-content\/uploads\/2021\/07\/Mains-cropped-300x174.jpg 300w, https:\/\/estellebonetto.ca\/wp-content\/uploads\/2021\/07\/Mains-cropped-1024x592.jpg 1024w, https:\/\/estellebonetto.ca\/wp-content\/uploads\/2021\/07\/Mains-cropped-768x444.jpg 768w, https:\/\/estellebonetto.ca\/wp-content\/uploads\/2021\/07\/Mains-cropped-1536x889.jpg 1536w\" sizes=\"(max-width: 2000px) 100vw, 2000px\" \/><\/figure><div class=\"elementor-image-box-content\"><h3 class=\"elementor-image-box-title\">H\u00e9ritage culinaire \u2013 2017 Installation exploratoire (Banff Centre, AB)<\/h3><p class=\"elementor-image-box-description\">Travail exploratoire et installation avec la mentor en arts visuels Diane Gougeon au Centre de d\u00e9veloppement cr\u00e9atif et professionnel de Banff.<\/p><\/div><\/div>\t\t\t\t<\/div>\n\t\t\t\t<\/div>\n\t\t\t\t<div class=\"elementor-element elementor-element-0967496 elementor-position-top elementor-widget elementor-widget-image-box\" data-id=\"0967496\" data-element_type=\"widget\" data-e-type=\"widget\" data-widget_type=\"image-box.default\">\n\t\t\t\t<div class=\"elementor-widget-container\">\n\t\t\t\t\t<div class=\"elementor-image-box-wrapper\"><figure class=\"elementor-image-box-img\"><img loading=\"lazy\" decoding=\"async\" width=\"463\" height=\"259\" src=\"https:\/\/estellebonetto.ca\/wp-content\/uploads\/2021\/07\/Picture4.png\" class=\"attachment-full size-full wp-image-875\" alt=\"\" srcset=\"https:\/\/estellebonetto.ca\/wp-content\/uploads\/2021\/07\/Picture4.png 463w, https:\/\/estellebonetto.ca\/wp-content\/uploads\/2021\/07\/Picture4-300x168.png 300w\" sizes=\"(max-width: 463px) 100vw, 463px\" \/><\/figure><div class=\"elementor-image-box-content\"><h3 class=\"elementor-image-box-title\">Fragments d\u2019identit\u00e9 \u2013 2016 Universit\u00e9 de Regina<\/h3><p class=\"elementor-image-box-description\">Installation photographique solo pr\u00e9sentant une soixantaine de photos et po\u00e8mes en bouteille<\/p><\/div><\/div>\t\t\t\t<\/div>\n\t\t\t\t<\/div>\n\t\t\t\t<div class=\"elementor-element elementor-element-c0bb21e elementor-position-top elementor-widget elementor-widget-image-box\" data-id=\"c0bb21e\" data-element_type=\"widget\" data-e-type=\"widget\" data-widget_type=\"image-box.default\">\n\t\t\t\t<div class=\"elementor-widget-container\">\n\t\t\t\t\t<div class=\"elementor-image-box-wrapper\"><figure class=\"elementor-image-box-img\"><img loading=\"lazy\" decoding=\"async\" width=\"421\" height=\"279\" src=\"https:\/\/estellebonetto.ca\/wp-content\/uploads\/2021\/07\/Embouteillees-Picture3.jpg\" class=\"attachment-full size-full wp-image-873\" alt=\"\" srcset=\"https:\/\/estellebonetto.ca\/wp-content\/uploads\/2021\/07\/Embouteillees-Picture3.jpg 421w, https:\/\/estellebonetto.ca\/wp-content\/uploads\/2021\/07\/Embouteillees-Picture3-300x199.jpg 300w\" sizes=\"(max-width: 421px) 100vw, 421px\" \/><\/figure><div class=\"elementor-image-box-content\"><h3 class=\"elementor-image-box-title\">Embouteill\u00e9es \u2013 2015 Galerie Joe Fafard (Regina, SK)<\/h3><p class=\"elementor-image-box-description\">Pr\u00e9sentation de six bouteilles lors d'une exposition collective c\u00e9l\u00e9brant le 50e anniversaire de l'Association canadienne-fran\u00e7aise de Regina.<\/p><\/div><\/div>\t\t\t\t<\/div>\n\t\t\t\t<\/div>\n\t\t\t\t<div class=\"elementor-element elementor-element-9e96c78 elementor-widget elementor-widget-spacer\" data-id=\"9e96c78\" data-element_type=\"widget\" data-e-type=\"widget\" data-widget_type=\"spacer.default\">\n\t\t\t\t<div class=\"elementor-widget-container\">\n\t\t\t\t\t\t\t<div class=\"elementor-spacer\">\n\t\t\t<div class=\"elementor-spacer-inner\"><\/div>\n\t\t<\/div>\n\t\t\t\t\t\t<\/div>\n\t\t\t\t<\/div>\n\t\t\t\t<div class=\"elementor-element elementor-element-89f77de elementor-widget elementor-widget-spacer\" data-id=\"89f77de\" data-element_type=\"widget\" data-e-type=\"widget\" data-widget_type=\"spacer.default\">\n\t\t\t\t<div class=\"elementor-widget-container\">\n\t\t\t\t\t\t\t<div class=\"elementor-spacer\">\n\t\t\t<div class=\"elementor-spacer-inner\"><\/div>\n\t\t<\/div>\n\t\t\t\t\t\t<\/div>\n\t\t\t\t<\/div>\n\t\t\t\t<div class=\"elementor-element elementor-element-093551f elementor-widget elementor-widget-spacer\" data-id=\"093551f\" data-element_type=\"widget\" data-e-type=\"widget\" data-widget_type=\"spacer.default\">\n\t\t\t\t<div class=\"elementor-widget-container\">\n\t\t\t\t\t\t\t<div class=\"elementor-spacer\">\n\t\t\t<div class=\"elementor-spacer-inner\"><\/div>\n\t\t<\/div>\n\t\t\t\t\t\t<\/div>\n\t\t\t\t<\/div>\n\t\t\t\t<div class=\"elementor-element elementor-element-2e3818b elementor-widget elementor-widget-spacer\" data-id=\"2e3818b\" data-element_type=\"widget\" data-e-type=\"widget\" data-widget_type=\"spacer.default\">\n\t\t\t\t<div class=\"elementor-widget-container\">\n\t\t\t\t\t\t\t<div class=\"elementor-spacer\">\n\t\t\t<div class=\"elementor-spacer-inner\"><\/div>\n\t\t<\/div>\n\t\t\t\t\t\t<\/div>\n\t\t\t\t<\/div>\n\t\t\t\t<div class=\"elementor-element elementor-element-09660c5 elementor-widget elementor-widget-spacer\" data-id=\"09660c5\" data-element_type=\"widget\" data-e-type=\"widget\" data-widget_type=\"spacer.default\">\n\t\t\t\t<div class=\"elementor-widget-container\">\n\t\t\t\t\t\t\t<div class=\"elementor-spacer\">\n\t\t\t<div class=\"elementor-spacer-inner\"><\/div>\n\t\t<\/div>\n\t\t\t\t\t\t<\/div>\n\t\t\t\t<\/div>\n\t\t\t\t<div class=\"elementor-element elementor-element-0578184 elementor-widget elementor-widget-spacer\" data-id=\"0578184\" data-element_type=\"widget\" data-e-type=\"widget\" data-widget_type=\"spacer.default\">\n\t\t\t\t<div class=\"elementor-widget-container\">\n\t\t\t\t\t\t\t<div class=\"elementor-spacer\">\n\t\t\t<div class=\"elementor-spacer-inner\"><\/div>\n\t\t<\/div>\n\t\t\t\t\t\t<\/div>\n\t\t\t\t<\/div>\n\t\t\t\t<div class=\"elementor-element elementor-element-926b9d3 elementor-widget elementor-widget-spacer\" data-id=\"926b9d3\" data-element_type=\"widget\" data-e-type=\"widget\" data-widget_type=\"spacer.default\">\n\t\t\t\t<div class=\"elementor-widget-container\">\n\t\t\t\t\t\t\t<div class=\"elementor-spacer\">\n\t\t\t<div class=\"elementor-spacer-inner\"><\/div>\n\t\t<\/div>\n\t\t\t\t\t\t<\/div>\n\t\t\t\t<\/div>\n\t\t\t\t<div class=\"elementor-element elementor-element-87a7582 elementor-widget elementor-widget-spacer\" data-id=\"87a7582\" data-element_type=\"widget\" data-e-type=\"widget\" data-widget_type=\"spacer.default\">\n\t\t\t\t<div class=\"elementor-widget-container\">\n\t\t\t\t\t\t\t<div class=\"elementor-spacer\">\n\t\t\t<div class=\"elementor-spacer-inner\"><\/div>\n\t\t<\/div>\n\t\t\t\t\t\t<\/div>\n\t\t\t\t<\/div>\n\t\t\t\t\t<\/div>\n\t\t<\/div>\n\t\t\t\t\t<\/div>\n\t\t<\/section>\n\t\t\t\t<section class=\"elementor-section elementor-top-section elementor-element elementor-element-41d0373 elementor-hidden-phone elementor-section-boxed elementor-section-height-default elementor-section-height-default\" data-id=\"41d0373\" data-element_type=\"section\" data-e-type=\"section\" data-settings=\"{&quot;jet_parallax_layout_list&quot;:[{&quot;jet_parallax_layout_image&quot;:{&quot;url&quot;:&quot;&quot;,&quot;id&quot;:&quot;&quot;,&quot;size&quot;:&quot;&quot;},&quot;_id&quot;:&quot;aba1ccf&quot;,&quot;jet_parallax_layout_speed&quot;:{&quot;unit&quot;:&quot;%&quot;,&quot;size&quot;:&quot;50&quot;,&quot;sizes&quot;:[]},&quot;jet_parallax_layout_bg_x&quot;:&quot;50&quot;,&quot;jet_parallax_layout_bg_y&quot;:&quot;50&quot;,&quot;jet_parallax_layout_image_tablet&quot;:{&quot;url&quot;:&quot;&quot;,&quot;id&quot;:&quot;&quot;,&quot;size&quot;:&quot;&quot;},&quot;jet_parallax_layout_image_mobile&quot;:{&quot;url&quot;:&quot;&quot;,&quot;id&quot;:&quot;&quot;,&quot;size&quot;:&quot;&quot;},&quot;jet_parallax_layout_type&quot;:&quot;scroll&quot;,&quot;jet_parallax_layout_direction&quot;:&quot;1&quot;,&quot;jet_parallax_layout_fx_direction&quot;:null,&quot;jet_parallax_layout_z_index&quot;:&quot;&quot;,&quot;jet_parallax_layout_bg_x_tablet&quot;:&quot;&quot;,&quot;jet_parallax_layout_bg_x_mobile&quot;:&quot;&quot;,&quot;jet_parallax_layout_bg_y_tablet&quot;:&quot;&quot;,&quot;jet_parallax_layout_bg_y_mobile&quot;:&quot;&quot;,&quot;jet_parallax_layout_bg_size&quot;:&quot;auto&quot;,&quot;jet_parallax_layout_bg_size_tablet&quot;:&quot;&quot;,&quot;jet_parallax_layout_bg_size_mobile&quot;:&quot;&quot;,&quot;jet_parallax_layout_animation_prop&quot;:&quot;transform&quot;,&quot;jet_parallax_layout_on&quot;:[&quot;desktop&quot;,&quot;tablet&quot;]}]}\">\n\t\t\t\t\t\t<div class=\"elementor-container elementor-column-gap-no\">\n\t\t\t\t\t<div class=\"elementor-column elementor-col-100 elementor-top-column elementor-element elementor-element-67a57f1\" data-id=\"67a57f1\" data-element_type=\"column\" data-e-type=\"column\">\n\t\t\t<div class=\"elementor-widget-wrap elementor-element-populated\">\n\t\t\t\t\t\t<div class=\"elementor-element elementor-element-112cba6 elementor-widget elementor-widget-heading\" data-id=\"112cba6\" data-element_type=\"widget\" data-e-type=\"widget\" data-widget_type=\"heading.default\">\n\t\t\t\t<div class=\"elementor-widget-container\">\n\t\t\t\t\t<h4 class=\"elementor-heading-title elementor-size-default\">Ce que les gens disent<\/h4>\t\t\t\t<\/div>\n\t\t\t\t<\/div>\n\t\t\t\t<div class=\"elementor-element elementor-element-dce4c68 elementor-widget elementor-widget-heading\" data-id=\"dce4c68\" data-element_type=\"widget\" data-e-type=\"widget\" data-widget_type=\"heading.default\">\n\t\t\t\t<div class=\"elementor-widget-container\">\n\t\t\t\t\t<h2 class=\"elementor-heading-title elementor-size-default\">Faits saillants des m\u00e9dias<\/h2>\t\t\t\t<\/div>\n\t\t\t\t<\/div>\n\t\t\t\t<div class=\"elementor-element elementor-element-19ca8d1 elementor-widget elementor-widget-raven-divider\" data-id=\"19ca8d1\" data-element_type=\"widget\" data-e-type=\"widget\" data-widget_type=\"raven-divider.default\">\n\t\t\t\t<div class=\"elementor-widget-container\">\n\t\t\t\t\t\t\t<div class=\"raven-widget-wrapper\">\n\t\t\t<div class=\"raven-divider\">\n\t\t\t\t<span class=\"raven-divider-line raven-divider-solid\"><\/span>\n\t\t\t<\/div>\n\t\t<\/div>\n\t\t\t\t\t\t<\/div>\n\t\t\t\t<\/div>\n\t\t\t\t<div class=\"elementor-element elementor-element-ef0fcf6 elementor-position-left elementor-vertical-align-top elementor-widget elementor-widget-image-box\" data-id=\"ef0fcf6\" data-element_type=\"widget\" data-e-type=\"widget\" data-widget_type=\"image-box.default\">\n\t\t\t\t<div class=\"elementor-widget-container\">\n\t\t\t\t\t<div class=\"elementor-image-box-wrapper\"><figure class=\"elementor-image-box-img\"><img loading=\"lazy\" decoding=\"async\" width=\"2010\" height=\"2010\" src=\"https:\/\/estellebonetto.ca\/wp-content\/uploads\/2021\/07\/Prix-dexcellence-Journalisme2.jpg\" class=\"attachment-full size-full wp-image-1087\" alt=\"Prix d&#039;excellence - Journalisme\" srcset=\"https:\/\/estellebonetto.ca\/wp-content\/uploads\/2021\/07\/Prix-dexcellence-Journalisme2.jpg 2010w, https:\/\/estellebonetto.ca\/wp-content\/uploads\/2021\/07\/Prix-dexcellence-Journalisme2-300x300.jpg 300w, https:\/\/estellebonetto.ca\/wp-content\/uploads\/2021\/07\/Prix-dexcellence-Journalisme2-1024x1024.jpg 1024w, https:\/\/estellebonetto.ca\/wp-content\/uploads\/2021\/07\/Prix-dexcellence-Journalisme2-150x150.jpg 150w, https:\/\/estellebonetto.ca\/wp-content\/uploads\/2021\/07\/Prix-dexcellence-Journalisme2-768x768.jpg 768w, https:\/\/estellebonetto.ca\/wp-content\/uploads\/2021\/07\/Prix-dexcellence-Journalisme2-1536x1536.jpg 1536w, https:\/\/estellebonetto.ca\/wp-content\/uploads\/2021\/07\/Prix-dexcellence-Journalisme2-500x500.jpg 500w\" sizes=\"(max-width: 2010px) 100vw, 2010px\" \/><\/figure><div class=\"elementor-image-box-content\"><h3 class=\"elementor-image-box-title\">L'Eau Vive \u2013 Nomination au Prix de journalisme pour Estelle Bonetto<\/h3><p class=\"elementor-image-box-description\">Estelle Bonetto a r\u00e9cemment \u00e9t\u00e9 en lice pour le Prix d'excellence de la presse francophone 2021 pour son article sur les arts et la culture \"La parit\u00e9 derri\u00e8re les tables de mixage\", un article traitant de la parit\u00e9 derri\u00e8re les platines alors que les femmes DJ tournaient la table au The Cure Club de Regina. le samedi 7 mars lors de l'\u00e9v\u00e9nement Divas on the Decks, une soir\u00e9e soulignant la Journ\u00e9e internationale de la femme le 8 mars et la forte influence f\u00e9minine sur une sc\u00e8ne marqu\u00e9e par son inclusivit\u00e9.<\/p><\/div><\/div>\t\t\t\t<\/div>\n\t\t\t\t<\/div>\n\t\t\t\t<div class=\"elementor-element elementor-element-f2b33a6 elementor-position-left elementor-vertical-align-top elementor-widget elementor-widget-image-box\" data-id=\"f2b33a6\" data-element_type=\"widget\" data-e-type=\"widget\" data-widget_type=\"image-box.default\">\n\t\t\t\t<div class=\"elementor-widget-container\">\n\t\t\t\t\t<div class=\"elementor-image-box-wrapper\"><figure class=\"elementor-image-box-img\"><img loading=\"lazy\" decoding=\"async\" width=\"1919\" height=\"1080\" src=\"https:\/\/estellebonetto.ca\/wp-content\/uploads\/2021\/06\/estelle-bonetto-2.jpg\" class=\"attachment-full size-full wp-image-690\" alt=\"\" srcset=\"https:\/\/estellebonetto.ca\/wp-content\/uploads\/2021\/06\/estelle-bonetto-2.jpg 1919w, https:\/\/estellebonetto.ca\/wp-content\/uploads\/2021\/06\/estelle-bonetto-2-300x169.jpg 300w, https:\/\/estellebonetto.ca\/wp-content\/uploads\/2021\/06\/estelle-bonetto-2-1024x576.jpg 1024w, https:\/\/estellebonetto.ca\/wp-content\/uploads\/2021\/06\/estelle-bonetto-2-768x432.jpg 768w, https:\/\/estellebonetto.ca\/wp-content\/uploads\/2021\/06\/estelle-bonetto-2-1536x864.jpg 1536w\" sizes=\"(max-width: 1919px) 100vw, 1919px\" \/><\/figure><div class=\"elementor-image-box-content\"><h3 class=\"elementor-image-box-title\">Radio Canada - Estelle Bonetto <\/h3><p class=\"elementor-image-box-description\">Entrevue \u00e0 l\u2019\u00e9mission Pour faire un monde lors de la sortie du recueil de po\u00e9sie photographique \u00c0 fleur d\u2019\u00e2ge. <\/p><\/div><\/div>\t\t\t\t<\/div>\n\t\t\t\t<\/div>\n\t\t\t\t<div class=\"elementor-element elementor-element-e0e79c1 elementor-position-left elementor-vertical-align-top elementor-widget elementor-widget-image-box\" data-id=\"e0e79c1\" data-element_type=\"widget\" data-e-type=\"widget\" data-widget_type=\"image-box.default\">\n\t\t\t\t<div class=\"elementor-widget-container\">\n\t\t\t\t\t<div class=\"elementor-image-box-wrapper\"><figure class=\"elementor-image-box-img\"><img loading=\"lazy\" decoding=\"async\" width=\"249\" height=\"269\" src=\"https:\/\/estellebonetto.ca\/wp-content\/uploads\/2021\/07\/Picture22.png\" class=\"attachment-full size-full wp-image-883\" alt=\"\" \/><\/figure><div class=\"elementor-image-box-content\"><h3 class=\"elementor-image-box-title\">L'Eau Vive - Estelle Bonetto et quelques Fragments d'identit\u00e9<\/h3><p class=\"elementor-image-box-description\">Les \u0153uvres \"fragments d'identit\u00e9\" d'Estelle Bonetto consistent en une s\u00e9rie de 60 flacons de verre, d'images, de textes po\u00e9tiques et de mati\u00e8res organiques qu'elle utilise pour faire ressortir les multiples facettes du Soi dans un archipel.\n<\/p><\/div><\/div>\t\t\t\t<\/div>\n\t\t\t\t<\/div>\n\t\t\t\t<div class=\"elementor-element elementor-element-3335af4 elementor-position-left elementor-vertical-align-top elementor-widget elementor-widget-image-box\" data-id=\"3335af4\" data-element_type=\"widget\" data-e-type=\"widget\" data-widget_type=\"image-box.default\">\n\t\t\t\t<div class=\"elementor-widget-container\">\n\t\t\t\t\t<div class=\"elementor-image-box-wrapper\"><figure class=\"elementor-image-box-img\"><img loading=\"lazy\" decoding=\"async\" width=\"960\" height=\"598\" src=\"https:\/\/estellebonetto.ca\/wp-content\/uploads\/2021\/06\/img-lancementbonettomai2018.jpg\" class=\"attachment-full size-full wp-image-695\" alt=\"\" srcset=\"https:\/\/estellebonetto.ca\/wp-content\/uploads\/2021\/06\/img-lancementbonettomai2018.jpg 960w, https:\/\/estellebonetto.ca\/wp-content\/uploads\/2021\/06\/img-lancementbonettomai2018-300x187.jpg 300w, https:\/\/estellebonetto.ca\/wp-content\/uploads\/2021\/06\/img-lancementbonettomai2018-768x478.jpg 768w\" sizes=\"(max-width: 960px) 100vw, 960px\" \/><\/figure><div class=\"elementor-image-box-content\"><h3 class=\"elementor-image-box-title\">Lancement de \"\u00c0 fleur d'\u00e2ge\"<\/h3><p class=\"elementor-image-box-description\">Cette collection est celle de la po\u00e9sie photographique o\u00f9 l'installation photographique et po\u00e9tique se concentre sur la relation des gens \u00e0 la nourriture d'un point de vue culturel.<\/p><\/div><\/div>\t\t\t\t<\/div>\n\t\t\t\t<\/div>\n\t\t\t\t<div class=\"elementor-element elementor-element-7b25524 elementor-position-left elementor-vertical-align-top elementor-widget elementor-widget-image-box\" data-id=\"7b25524\" data-element_type=\"widget\" data-e-type=\"widget\" data-widget_type=\"image-box.default\">\n\t\t\t\t<div class=\"elementor-widget-container\">\n\t\t\t\t\t<div class=\"elementor-image-box-wrapper\"><figure class=\"elementor-image-box-img\"><img loading=\"lazy\" decoding=\"async\" width=\"798\" height=\"1048\" src=\"https:\/\/estellebonetto.ca\/wp-content\/uploads\/2021\/06\/ECHOS-site-web.png\" class=\"attachment-full size-full wp-image-471\" alt=\"\u00c9CHOS-exhibition-Saskatoon-Saskatchewan\" srcset=\"https:\/\/estellebonetto.ca\/wp-content\/uploads\/2021\/06\/ECHOS-site-web.png 798w, https:\/\/estellebonetto.ca\/wp-content\/uploads\/2021\/06\/ECHOS-site-web-228x300.png 228w, https:\/\/estellebonetto.ca\/wp-content\/uploads\/2021\/06\/ECHOS-site-web-780x1024.png 780w, https:\/\/estellebonetto.ca\/wp-content\/uploads\/2021\/06\/ECHOS-site-web-768x1009.png 768w\" sizes=\"(max-width: 798px) 100vw, 798px\" \/><\/figure><div class=\"elementor-image-box-content\"><h3 class=\"elementor-image-box-title\">\u00c9chos - Collectif d'artistes<\/h3><p class=\"elementor-image-box-description\">Dans le cadre du programme Mentorat et visibilit\u00e9 des artistes fransaskois, l\u2019exposition collective \u00c9chos est venue sceller des mois de pr\u00e9paration et d\u2019exploration aux c\u00f4t\u00e9s du commissaire Serge Murphy. Pand\u00e9mie oblige, l\u2019expo a d\u00fb s\u2019adapter aux nombreux al\u00e9as des distanciations. <\/p><\/div><\/div>\t\t\t\t<\/div>\n\t\t\t\t<\/div>\n\t\t\t\t\t<\/div>\n\t\t<\/div>\n\t\t\t\t\t<\/div>\n\t\t<\/section>\n\t\t\t\t<section class=\"elementor-section elementor-top-section elementor-element elementor-element-6a32c27 elementor-hidden-desktop elementor-hidden-tablet elementor-section-boxed elementor-section-height-default elementor-section-height-default\" data-id=\"6a32c27\" data-element_type=\"section\" data-e-type=\"section\" data-settings=\"{&quot;jet_parallax_layout_list&quot;:[{&quot;jet_parallax_layout_image&quot;:{&quot;url&quot;:&quot;&quot;,&quot;id&quot;:&quot;&quot;,&quot;size&quot;:&quot;&quot;},&quot;_id&quot;:&quot;aba1ccf&quot;,&quot;jet_parallax_layout_speed&quot;:{&quot;unit&quot;:&quot;%&quot;,&quot;size&quot;:&quot;50&quot;,&quot;sizes&quot;:[]},&quot;jet_parallax_layout_bg_x&quot;:&quot;50&quot;,&quot;jet_parallax_layout_bg_y&quot;:&quot;50&quot;,&quot;jet_parallax_layout_image_tablet&quot;:{&quot;url&quot;:&quot;&quot;,&quot;id&quot;:&quot;&quot;,&quot;size&quot;:&quot;&quot;},&quot;jet_parallax_layout_image_mobile&quot;:{&quot;url&quot;:&quot;&quot;,&quot;id&quot;:&quot;&quot;,&quot;size&quot;:&quot;&quot;},&quot;jet_parallax_layout_type&quot;:&quot;scroll&quot;,&quot;jet_parallax_layout_direction&quot;:&quot;1&quot;,&quot;jet_parallax_layout_fx_direction&quot;:null,&quot;jet_parallax_layout_z_index&quot;:&quot;&quot;,&quot;jet_parallax_layout_bg_x_tablet&quot;:&quot;&quot;,&quot;jet_parallax_layout_bg_x_mobile&quot;:&quot;&quot;,&quot;jet_parallax_layout_bg_y_tablet&quot;:&quot;&quot;,&quot;jet_parallax_layout_bg_y_mobile&quot;:&quot;&quot;,&quot;jet_parallax_layout_bg_size&quot;:&quot;auto&quot;,&quot;jet_parallax_layout_bg_size_tablet&quot;:&quot;&quot;,&quot;jet_parallax_layout_bg_size_mobile&quot;:&quot;&quot;,&quot;jet_parallax_layout_animation_prop&quot;:&quot;transform&quot;,&quot;jet_parallax_layout_on&quot;:[&quot;desktop&quot;,&quot;tablet&quot;]}]}\">\n\t\t\t\t\t\t<div class=\"elementor-container elementor-column-gap-no\">\n\t\t\t\t\t<div class=\"elementor-column elementor-col-100 elementor-top-column elementor-element elementor-element-c5658cf\" data-id=\"c5658cf\" data-element_type=\"column\" data-e-type=\"column\">\n\t\t\t<div class=\"elementor-widget-wrap elementor-element-populated\">\n\t\t\t\t\t\t<div class=\"elementor-element elementor-element-1cc98d6 elementor-widget elementor-widget-heading\" data-id=\"1cc98d6\" data-element_type=\"widget\" data-e-type=\"widget\" data-widget_type=\"heading.default\">\n\t\t\t\t<div class=\"elementor-widget-container\">\n\t\t\t\t\t<h4 class=\"elementor-heading-title elementor-size-default\">Ce que les gens disent<\/h4>\t\t\t\t<\/div>\n\t\t\t\t<\/div>\n\t\t\t\t<div class=\"elementor-element elementor-element-83b4c2b elementor-widget elementor-widget-heading\" data-id=\"83b4c2b\" data-element_type=\"widget\" data-e-type=\"widget\" data-widget_type=\"heading.default\">\n\t\t\t\t<div class=\"elementor-widget-container\">\n\t\t\t\t\t<h2 class=\"elementor-heading-title elementor-size-default\">Faits saillants des m\u00e9dias<\/h2>\t\t\t\t<\/div>\n\t\t\t\t<\/div>\n\t\t\t\t<div class=\"elementor-element elementor-element-f8d0f0c elementor-widget elementor-widget-raven-divider\" data-id=\"f8d0f0c\" data-element_type=\"widget\" data-e-type=\"widget\" data-widget_type=\"raven-divider.default\">\n\t\t\t\t<div class=\"elementor-widget-container\">\n\t\t\t\t\t\t\t<div class=\"raven-widget-wrapper\">\n\t\t\t<div class=\"raven-divider\">\n\t\t\t\t<span class=\"raven-divider-line raven-divider-solid\"><\/span>\n\t\t\t<\/div>\n\t\t<\/div>\n\t\t\t\t\t\t<\/div>\n\t\t\t\t<\/div>\n\t\t\t\t<div class=\"elementor-element elementor-element-63ba328 elementor-position-top elementor-widget elementor-widget-image-box\" data-id=\"63ba328\" data-element_type=\"widget\" data-e-type=\"widget\" data-widget_type=\"image-box.default\">\n\t\t\t\t<div class=\"elementor-widget-container\">\n\t\t\t\t\t<div class=\"elementor-image-box-wrapper\"><figure class=\"elementor-image-box-img\"><img loading=\"lazy\" decoding=\"async\" width=\"2010\" height=\"2010\" src=\"https:\/\/estellebonetto.ca\/wp-content\/uploads\/2021\/07\/Prix-dexcellence-Journalisme2.jpg\" class=\"attachment-full size-full wp-image-1087\" alt=\"Prix d&#039;excellence - Journalisme\" srcset=\"https:\/\/estellebonetto.ca\/wp-content\/uploads\/2021\/07\/Prix-dexcellence-Journalisme2.jpg 2010w, https:\/\/estellebonetto.ca\/wp-content\/uploads\/2021\/07\/Prix-dexcellence-Journalisme2-300x300.jpg 300w, https:\/\/estellebonetto.ca\/wp-content\/uploads\/2021\/07\/Prix-dexcellence-Journalisme2-1024x1024.jpg 1024w, https:\/\/estellebonetto.ca\/wp-content\/uploads\/2021\/07\/Prix-dexcellence-Journalisme2-150x150.jpg 150w, https:\/\/estellebonetto.ca\/wp-content\/uploads\/2021\/07\/Prix-dexcellence-Journalisme2-768x768.jpg 768w, https:\/\/estellebonetto.ca\/wp-content\/uploads\/2021\/07\/Prix-dexcellence-Journalisme2-1536x1536.jpg 1536w, https:\/\/estellebonetto.ca\/wp-content\/uploads\/2021\/07\/Prix-dexcellence-Journalisme2-500x500.jpg 500w\" sizes=\"(max-width: 2010px) 100vw, 2010px\" \/><\/figure><div class=\"elementor-image-box-content\"><h3 class=\"elementor-image-box-title\">L'Eau Vive \u2013 Nomination au Prix de journalisme pour Estelle Bonetto<\/h3><p class=\"elementor-image-box-description\">Estelle Bonetto a r\u00e9cemment \u00e9t\u00e9 en lice pour le Prix d'excellence de la presse francophone 2021 pour son article sur les arts et la culture \"La parit\u00e9 derri\u00e8re les tables de mixage\", un article traitant de la parit\u00e9 derri\u00e8re les platines alors que les femmes DJ tournaient la table au The Cure Club de Regina. le samedi 7 mars lors de l'\u00e9v\u00e9nement Divas on the Decks, une soir\u00e9e soulignant la Journ\u00e9e internationale de la femme le 8 mars et la forte influence f\u00e9minine sur une sc\u00e8ne marqu\u00e9e par son inclusivit\u00e9.<\/p><\/div><\/div>\t\t\t\t<\/div>\n\t\t\t\t<\/div>\n\t\t\t\t<div class=\"elementor-element elementor-element-64a38b4 elementor-widget elementor-widget-spacer\" data-id=\"64a38b4\" data-element_type=\"widget\" data-e-type=\"widget\" data-widget_type=\"spacer.default\">\n\t\t\t\t<div class=\"elementor-widget-container\">\n\t\t\t\t\t\t\t<div class=\"elementor-spacer\">\n\t\t\t<div class=\"elementor-spacer-inner\"><\/div>\n\t\t<\/div>\n\t\t\t\t\t\t<\/div>\n\t\t\t\t<\/div>\n\t\t\t\t<div class=\"elementor-element elementor-element-937faba elementor-position-top elementor-widget elementor-widget-image-box\" data-id=\"937faba\" data-element_type=\"widget\" data-e-type=\"widget\" data-widget_type=\"image-box.default\">\n\t\t\t\t<div class=\"elementor-widget-container\">\n\t\t\t\t\t<div class=\"elementor-image-box-wrapper\"><figure class=\"elementor-image-box-img\"><img loading=\"lazy\" decoding=\"async\" width=\"1919\" height=\"1080\" src=\"https:\/\/estellebonetto.ca\/wp-content\/uploads\/2021\/06\/estelle-bonetto-2.jpg\" class=\"attachment-full size-full wp-image-690\" alt=\"\" srcset=\"https:\/\/estellebonetto.ca\/wp-content\/uploads\/2021\/06\/estelle-bonetto-2.jpg 1919w, https:\/\/estellebonetto.ca\/wp-content\/uploads\/2021\/06\/estelle-bonetto-2-300x169.jpg 300w, https:\/\/estellebonetto.ca\/wp-content\/uploads\/2021\/06\/estelle-bonetto-2-1024x576.jpg 1024w, https:\/\/estellebonetto.ca\/wp-content\/uploads\/2021\/06\/estelle-bonetto-2-768x432.jpg 768w, https:\/\/estellebonetto.ca\/wp-content\/uploads\/2021\/06\/estelle-bonetto-2-1536x864.jpg 1536w\" sizes=\"(max-width: 1919px) 100vw, 1919px\" \/><\/figure><div class=\"elementor-image-box-content\"><h3 class=\"elementor-image-box-title\">Radio Canada - Estelle Bonetto <\/h3><p class=\"elementor-image-box-description\">Entrevue \u00e0 l\u2019\u00e9mission Pour faire un monde lors de la sortie du recueil de po\u00e9sie photographique \u00c0 fleur d\u2019\u00e2ge. <\/p><\/div><\/div>\t\t\t\t<\/div>\n\t\t\t\t<\/div>\n\t\t\t\t<div class=\"elementor-element elementor-element-709731e elementor-widget elementor-widget-spacer\" data-id=\"709731e\" data-element_type=\"widget\" data-e-type=\"widget\" data-widget_type=\"spacer.default\">\n\t\t\t\t<div class=\"elementor-widget-container\">\n\t\t\t\t\t\t\t<div class=\"elementor-spacer\">\n\t\t\t<div class=\"elementor-spacer-inner\"><\/div>\n\t\t<\/div>\n\t\t\t\t\t\t<\/div>\n\t\t\t\t<\/div>\n\t\t\t\t<div class=\"elementor-element elementor-element-b50f6c8 elementor-position-top elementor-widget elementor-widget-image-box\" data-id=\"b50f6c8\" data-element_type=\"widget\" data-e-type=\"widget\" data-widget_type=\"image-box.default\">\n\t\t\t\t<div class=\"elementor-widget-container\">\n\t\t\t\t\t<div class=\"elementor-image-box-wrapper\"><figure class=\"elementor-image-box-img\"><img loading=\"lazy\" decoding=\"async\" width=\"249\" height=\"269\" src=\"https:\/\/estellebonetto.ca\/wp-content\/uploads\/2021\/07\/Picture22.png\" class=\"attachment-full size-full wp-image-883\" alt=\"\" \/><\/figure><div class=\"elementor-image-box-content\"><h3 class=\"elementor-image-box-title\">L'Eau Vive - Estelle Bonetto et quelques Fragments d'identit\u00e9<\/h3><p class=\"elementor-image-box-description\">Les \u0153uvres \"fragments d'identit\u00e9\" d'Estelle Bonetto consistent en une s\u00e9rie de 60 flacons de verre, d'images, de textes po\u00e9tiques et de mati\u00e8res organiques qu'elle utilise pour faire ressortir les multiples facettes du Soi dans un archipel.\n<\/p><\/div><\/div>\t\t\t\t<\/div>\n\t\t\t\t<\/div>\n\t\t\t\t<div class=\"elementor-element elementor-element-7f9140d elementor-widget elementor-widget-spacer\" data-id=\"7f9140d\" data-element_type=\"widget\" data-e-type=\"widget\" data-widget_type=\"spacer.default\">\n\t\t\t\t<div class=\"elementor-widget-container\">\n\t\t\t\t\t\t\t<div class=\"elementor-spacer\">\n\t\t\t<div class=\"elementor-spacer-inner\"><\/div>\n\t\t<\/div>\n\t\t\t\t\t\t<\/div>\n\t\t\t\t<\/div>\n\t\t\t\t<div class=\"elementor-element elementor-element-2335ec0 elementor-position-top elementor-widget elementor-widget-image-box\" data-id=\"2335ec0\" data-element_type=\"widget\" data-e-type=\"widget\" data-widget_type=\"image-box.default\">\n\t\t\t\t<div class=\"elementor-widget-container\">\n\t\t\t\t\t<div class=\"elementor-image-box-wrapper\"><figure class=\"elementor-image-box-img\"><img loading=\"lazy\" decoding=\"async\" width=\"960\" height=\"598\" src=\"https:\/\/estellebonetto.ca\/wp-content\/uploads\/2021\/06\/img-lancementbonettomai2018.jpg\" class=\"attachment-full size-full wp-image-695\" alt=\"\" srcset=\"https:\/\/estellebonetto.ca\/wp-content\/uploads\/2021\/06\/img-lancementbonettomai2018.jpg 960w, https:\/\/estellebonetto.ca\/wp-content\/uploads\/2021\/06\/img-lancementbonettomai2018-300x187.jpg 300w, https:\/\/estellebonetto.ca\/wp-content\/uploads\/2021\/06\/img-lancementbonettomai2018-768x478.jpg 768w\" sizes=\"(max-width: 960px) 100vw, 960px\" \/><\/figure><div class=\"elementor-image-box-content\"><h3 class=\"elementor-image-box-title\">Lancement de \"\u00c0 fleur d'\u00e2ge\"<\/h3><p class=\"elementor-image-box-description\">Cette collection est celle de la po\u00e9sie photographique o\u00f9 l'installation photographique et po\u00e9tique se concentre sur la relation des gens \u00e0 la nourriture d'un point de vue culturel.<\/p><\/div><\/div>\t\t\t\t<\/div>\n\t\t\t\t<\/div>\n\t\t\t\t<div class=\"elementor-element elementor-element-16e9583 elementor-widget elementor-widget-spacer\" data-id=\"16e9583\" data-element_type=\"widget\" data-e-type=\"widget\" data-widget_type=\"spacer.default\">\n\t\t\t\t<div class=\"elementor-widget-container\">\n\t\t\t\t\t\t\t<div class=\"elementor-spacer\">\n\t\t\t<div class=\"elementor-spacer-inner\"><\/div>\n\t\t<\/div>\n\t\t\t\t\t\t<\/div>\n\t\t\t\t<\/div>\n\t\t\t\t<div class=\"elementor-element elementor-element-e6c7e6e elementor-position-top elementor-widget elementor-widget-image-box\" data-id=\"e6c7e6e\" data-element_type=\"widget\" data-e-type=\"widget\" data-widget_type=\"image-box.default\">\n\t\t\t\t<div class=\"elementor-widget-container\">\n\t\t\t\t\t<div class=\"elementor-image-box-wrapper\"><figure class=\"elementor-image-box-img\"><img loading=\"lazy\" decoding=\"async\" width=\"798\" height=\"1048\" src=\"https:\/\/estellebonetto.ca\/wp-content\/uploads\/2021\/06\/ECHOS-site-web.png\" class=\"attachment-full size-full wp-image-471\" alt=\"\u00c9CHOS-exhibition-Saskatoon-Saskatchewan\" srcset=\"https:\/\/estellebonetto.ca\/wp-content\/uploads\/2021\/06\/ECHOS-site-web.png 798w, https:\/\/estellebonetto.ca\/wp-content\/uploads\/2021\/06\/ECHOS-site-web-228x300.png 228w, https:\/\/estellebonetto.ca\/wp-content\/uploads\/2021\/06\/ECHOS-site-web-780x1024.png 780w, https:\/\/estellebonetto.ca\/wp-content\/uploads\/2021\/06\/ECHOS-site-web-768x1009.png 768w\" sizes=\"(max-width: 798px) 100vw, 798px\" \/><\/figure><div class=\"elementor-image-box-content\"><h3 class=\"elementor-image-box-title\">\u00c9chos - Collectif d'artistes<\/h3><p class=\"elementor-image-box-description\">Dans le cadre du programme Mentorat et visibilit\u00e9 des artistes fransaskois, l\u2019exposition collective \u00c9chos est venue sceller des mois de pr\u00e9paration et d\u2019exploration aux c\u00f4t\u00e9s du commissaire Serge Murphy. Pand\u00e9mie oblige, l\u2019expo a d\u00fb s\u2019adapter aux nombreux al\u00e9as des distanciations. <\/p><\/div><\/div>\t\t\t\t<\/div>\n\t\t\t\t<\/div>\n\t\t\t\t\t<\/div>\n\t\t<\/div>\n\t\t\t\t\t<\/div>\n\t\t<\/section>\n\t\t\t\t<\/div>\n\t\t","protected":false},"excerpt":{"rendered":"<p>Photos: Daniel Paquet Mon parcours Ma d\u00e9marche artistique s\u2019articule autour de la recherche des angles morts pour en r\u00e9v\u00e9ler toute la vivacit\u00e9. La photographie me permet d\u2019acc\u00e9der \u00e0 des perceptions, des points de vue diff\u00e9rents. Cet \u0153il a la capacit\u00e9 de s\u2019\u00e9loigner de la r\u00e9alit\u00e9 et d\u2019appr\u00e9hender le monde sous de nouveaux \u00e9clairages. \u00c0 travers [&hellip;]<\/p>\n","protected":false},"author":1,"featured_media":1401,"parent":0,"menu_order":0,"comment_status":"closed","ping_status":"closed","template":"full-width.php","meta":{"_acf_changed":false,"_coblocks_attr":"","_coblocks_dimensions":"","_coblocks_responsive_height":"","_coblocks_accordion_ie_support":"","footnotes":""},"class_list":["post-1263","page","type-page","status-publish","has-post-thumbnail","hentry"],"acf":[],"yoast_head":"<!-- This site is optimized with the Yoast SEO plugin v27.4 - https:\/\/yoast.com\/product\/yoast-seo-wordpress\/ -->\n<title>Accueil - Estelle Bonetto<\/title>\n<meta name=\"description\" content=\"Venez d\u00e9couvrir l&#039;artiste Estelle Bonetto, \u00e9crivaine et artiste visuelle fransaskoise dont la d\u00e9marche s&#039;articule autour de l&#039;identit\u00e9.\" \/>\n<meta name=\"robots\" content=\"index, follow, max-snippet:-1, max-image-preview:large, max-video-preview:-1\" \/>\n<link rel=\"canonical\" href=\"https:\/\/estellebonetto.ca\/fr\/\" \/>\n<meta property=\"og:locale\" content=\"fr_FR\" \/>\n<meta property=\"og:type\" content=\"article\" \/>\n<meta property=\"og:title\" content=\"Accueil - Estelle Bonetto\" \/>\n<meta property=\"og:description\" content=\"Venez d\u00e9couvrir l&#039;artiste Estelle Bonetto, \u00e9crivaine et artiste visuelle fransaskoise dont la d\u00e9marche s&#039;articule autour de l&#039;identit\u00e9.\" \/>\n<meta property=\"og:url\" content=\"https:\/\/estellebonetto.ca\/fr\/\" \/>\n<meta property=\"og:site_name\" content=\"Estelle Bonetto\" \/>\n<meta property=\"article:modified_time\" content=\"2021-10-05T23:48:03+00:00\" \/>\n<meta property=\"og:image\" content=\"https:\/\/estellebonetto.ca\/wp-content\/uploads\/2021\/08\/46C1ECA6-6151-4B48-A61C-FCE0860D8D8C-1.jpeg\" \/>\n\t<meta property=\"og:image:width\" content=\"533\" \/>\n\t<meta property=\"og:image:height\" content=\"800\" \/>\n\t<meta property=\"og:image:type\" content=\"image\/jpeg\" \/>\n<meta name=\"twitter:card\" content=\"summary_large_image\" \/>\n<meta name=\"twitter:label1\" content=\"Dur\u00e9e de lecture estim\u00e9e\" \/>\n\t<meta name=\"twitter:data1\" content=\"12 minutes\" \/>\n<script type=\"application\/ld+json\" class=\"yoast-schema-graph\">{\"@context\":\"https:\\\/\\\/schema.org\",\"@graph\":[{\"@type\":\"WebPage\",\"@id\":\"https:\\\/\\\/estellebonetto.ca\\\/fr\\\/\",\"url\":\"https:\\\/\\\/estellebonetto.ca\\\/fr\\\/\",\"name\":\"Accueil - Estelle Bonetto\",\"isPartOf\":{\"@id\":\"https:\\\/\\\/estellebonetto.ca\\\/#website\"},\"primaryImageOfPage\":{\"@id\":\"https:\\\/\\\/estellebonetto.ca\\\/fr\\\/#primaryimage\"},\"image\":{\"@id\":\"https:\\\/\\\/estellebonetto.ca\\\/fr\\\/#primaryimage\"},\"thumbnailUrl\":\"https:\\\/\\\/estellebonetto.ca\\\/wp-content\\\/uploads\\\/2021\\\/08\\\/46C1ECA6-6151-4B48-A61C-FCE0860D8D8C-1.jpeg\",\"datePublished\":\"2020-04-16T08:09:11+00:00\",\"dateModified\":\"2021-10-05T23:48:03+00:00\",\"description\":\"Venez d\u00e9couvrir l'artiste Estelle Bonetto, \u00e9crivaine et artiste visuelle fransaskoise dont la d\u00e9marche s'articule autour de l'identit\u00e9.\",\"breadcrumb\":{\"@id\":\"https:\\\/\\\/estellebonetto.ca\\\/fr\\\/#breadcrumb\"},\"inLanguage\":\"fr-FR\",\"potentialAction\":[{\"@type\":\"ReadAction\",\"target\":[\"https:\\\/\\\/estellebonetto.ca\\\/fr\\\/\"]}]},{\"@type\":\"ImageObject\",\"inLanguage\":\"fr-FR\",\"@id\":\"https:\\\/\\\/estellebonetto.ca\\\/fr\\\/#primaryimage\",\"url\":\"https:\\\/\\\/estellebonetto.ca\\\/wp-content\\\/uploads\\\/2021\\\/08\\\/46C1ECA6-6151-4B48-A61C-FCE0860D8D8C-1.jpeg\",\"contentUrl\":\"https:\\\/\\\/estellebonetto.ca\\\/wp-content\\\/uploads\\\/2021\\\/08\\\/46C1ECA6-6151-4B48-A61C-FCE0860D8D8C-1.jpeg\",\"width\":533,\"height\":800,\"caption\":\"Estelle Bonetto - photo Daniel Paquet\"},{\"@type\":\"BreadcrumbList\",\"@id\":\"https:\\\/\\\/estellebonetto.ca\\\/fr\\\/#breadcrumb\",\"itemListElement\":[{\"@type\":\"ListItem\",\"position\":1,\"name\":\"Home\",\"item\":\"https:\\\/\\\/estellebonetto.ca\\\/fr\\\/\"},{\"@type\":\"ListItem\",\"position\":2,\"name\":\"Accueil\"}]},{\"@type\":\"WebSite\",\"@id\":\"https:\\\/\\\/estellebonetto.ca\\\/#website\",\"url\":\"https:\\\/\\\/estellebonetto.ca\\\/\",\"name\":\"Estelle Bonetto\",\"description\":\"Estelle Bonetto, multidisciplinary artist\",\"publisher\":{\"@id\":\"https:\\\/\\\/estellebonetto.ca\\\/#organization\"},\"potentialAction\":[{\"@type\":\"SearchAction\",\"target\":{\"@type\":\"EntryPoint\",\"urlTemplate\":\"https:\\\/\\\/estellebonetto.ca\\\/?s={search_term_string}\"},\"query-input\":{\"@type\":\"PropertyValueSpecification\",\"valueRequired\":true,\"valueName\":\"search_term_string\"}}],\"inLanguage\":\"fr-FR\"},{\"@type\":\"Organization\",\"@id\":\"https:\\\/\\\/estellebonetto.ca\\\/#organization\",\"name\":\"Estelle Bonetto\",\"url\":\"https:\\\/\\\/estellebonetto.ca\\\/\",\"logo\":{\"@type\":\"ImageObject\",\"inLanguage\":\"fr-FR\",\"@id\":\"https:\\\/\\\/estellebonetto.ca\\\/#\\\/schema\\\/logo\\\/image\\\/\",\"url\":\"https:\\\/\\\/estellebonetto.ca\\\/wp-content\\\/uploads\\\/2020\\\/04\\\/EB-logo-Blanc.jpg\",\"contentUrl\":\"https:\\\/\\\/estellebonetto.ca\\\/wp-content\\\/uploads\\\/2020\\\/04\\\/EB-logo-Blanc.jpg\",\"width\":362,\"height\":322,\"caption\":\"Estelle Bonetto\"},\"image\":{\"@id\":\"https:\\\/\\\/estellebonetto.ca\\\/#\\\/schema\\\/logo\\\/image\\\/\"}}]}<\/script>\n<!-- \/ Yoast SEO plugin. -->","yoast_head_json":{"title":"Accueil - Estelle Bonetto","description":"Venez d\u00e9couvrir l'artiste Estelle Bonetto, \u00e9crivaine et artiste visuelle fransaskoise dont la d\u00e9marche s'articule autour de l'identit\u00e9.","robots":{"index":"index","follow":"follow","max-snippet":"max-snippet:-1","max-image-preview":"max-image-preview:large","max-video-preview":"max-video-preview:-1"},"canonical":"https:\/\/estellebonetto.ca\/fr\/","og_locale":"fr_FR","og_type":"article","og_title":"Accueil - Estelle Bonetto","og_description":"Venez d\u00e9couvrir l'artiste Estelle Bonetto, \u00e9crivaine et artiste visuelle fransaskoise dont la d\u00e9marche s'articule autour de l'identit\u00e9.","og_url":"https:\/\/estellebonetto.ca\/fr\/","og_site_name":"Estelle Bonetto","article_modified_time":"2021-10-05T23:48:03+00:00","og_image":[{"width":533,"height":800,"url":"https:\/\/estellebonetto.ca\/wp-content\/uploads\/2021\/08\/46C1ECA6-6151-4B48-A61C-FCE0860D8D8C-1.jpeg","type":"image\/jpeg"}],"twitter_card":"summary_large_image","twitter_misc":{"Dur\u00e9e de lecture estim\u00e9e":"12 minutes"},"schema":{"@context":"https:\/\/schema.org","@graph":[{"@type":"WebPage","@id":"https:\/\/estellebonetto.ca\/fr\/","url":"https:\/\/estellebonetto.ca\/fr\/","name":"Accueil - Estelle Bonetto","isPartOf":{"@id":"https:\/\/estellebonetto.ca\/#website"},"primaryImageOfPage":{"@id":"https:\/\/estellebonetto.ca\/fr\/#primaryimage"},"image":{"@id":"https:\/\/estellebonetto.ca\/fr\/#primaryimage"},"thumbnailUrl":"https:\/\/estellebonetto.ca\/wp-content\/uploads\/2021\/08\/46C1ECA6-6151-4B48-A61C-FCE0860D8D8C-1.jpeg","datePublished":"2020-04-16T08:09:11+00:00","dateModified":"2021-10-05T23:48:03+00:00","description":"Venez d\u00e9couvrir l'artiste Estelle Bonetto, \u00e9crivaine et artiste visuelle fransaskoise dont la d\u00e9marche s'articule autour de l'identit\u00e9.","breadcrumb":{"@id":"https:\/\/estellebonetto.ca\/fr\/#breadcrumb"},"inLanguage":"fr-FR","potentialAction":[{"@type":"ReadAction","target":["https:\/\/estellebonetto.ca\/fr\/"]}]},{"@type":"ImageObject","inLanguage":"fr-FR","@id":"https:\/\/estellebonetto.ca\/fr\/#primaryimage","url":"https:\/\/estellebonetto.ca\/wp-content\/uploads\/2021\/08\/46C1ECA6-6151-4B48-A61C-FCE0860D8D8C-1.jpeg","contentUrl":"https:\/\/estellebonetto.ca\/wp-content\/uploads\/2021\/08\/46C1ECA6-6151-4B48-A61C-FCE0860D8D8C-1.jpeg","width":533,"height":800,"caption":"Estelle Bonetto - photo Daniel Paquet"},{"@type":"BreadcrumbList","@id":"https:\/\/estellebonetto.ca\/fr\/#breadcrumb","itemListElement":[{"@type":"ListItem","position":1,"name":"Home","item":"https:\/\/estellebonetto.ca\/fr\/"},{"@type":"ListItem","position":2,"name":"Accueil"}]},{"@type":"WebSite","@id":"https:\/\/estellebonetto.ca\/#website","url":"https:\/\/estellebonetto.ca\/","name":"Estelle Bonetto","description":"Estelle Bonetto, multidisciplinary artist","publisher":{"@id":"https:\/\/estellebonetto.ca\/#organization"},"potentialAction":[{"@type":"SearchAction","target":{"@type":"EntryPoint","urlTemplate":"https:\/\/estellebonetto.ca\/?s={search_term_string}"},"query-input":{"@type":"PropertyValueSpecification","valueRequired":true,"valueName":"search_term_string"}}],"inLanguage":"fr-FR"},{"@type":"Organization","@id":"https:\/\/estellebonetto.ca\/#organization","name":"Estelle Bonetto","url":"https:\/\/estellebonetto.ca\/","logo":{"@type":"ImageObject","inLanguage":"fr-FR","@id":"https:\/\/estellebonetto.ca\/#\/schema\/logo\/image\/","url":"https:\/\/estellebonetto.ca\/wp-content\/uploads\/2020\/04\/EB-logo-Blanc.jpg","contentUrl":"https:\/\/estellebonetto.ca\/wp-content\/uploads\/2020\/04\/EB-logo-Blanc.jpg","width":362,"height":322,"caption":"Estelle Bonetto"},"image":{"@id":"https:\/\/estellebonetto.ca\/#\/schema\/logo\/image\/"}}]}},"_links":{"self":[{"href":"https:\/\/estellebonetto.ca\/fr\/wp-json\/wp\/v2\/pages\/1263","targetHints":{"allow":["GET"]}}],"collection":[{"href":"https:\/\/estellebonetto.ca\/fr\/wp-json\/wp\/v2\/pages"}],"about":[{"href":"https:\/\/estellebonetto.ca\/fr\/wp-json\/wp\/v2\/types\/page"}],"author":[{"embeddable":true,"href":"https:\/\/estellebonetto.ca\/fr\/wp-json\/wp\/v2\/users\/1"}],"replies":[{"embeddable":true,"href":"https:\/\/estellebonetto.ca\/fr\/wp-json\/wp\/v2\/comments?post=1263"}],"version-history":[{"count":5,"href":"https:\/\/estellebonetto.ca\/fr\/wp-json\/wp\/v2\/pages\/1263\/revisions"}],"predecessor-version":[{"id":1752,"href":"https:\/\/estellebonetto.ca\/fr\/wp-json\/wp\/v2\/pages\/1263\/revisions\/1752"}],"wp:featuredmedia":[{"embeddable":true,"href":"https:\/\/estellebonetto.ca\/fr\/wp-json\/wp\/v2\/media\/1401"}],"wp:attachment":[{"href":"https:\/\/estellebonetto.ca\/fr\/wp-json\/wp\/v2\/media?parent=1263"}],"curies":[{"name":"wp","href":"https:\/\/api.w.org\/{rel}","templated":true}]}}