{"id":1270,"date":"2020-04-18T05:50:58","date_gmt":"2020-04-18T05:50:58","guid":{"rendered":"https:\/\/estellebonetto.ca\/about-estelle-bonetto-fransaskois-artist-writer-saskatchewan\/"},"modified":"2021-10-05T23:51:29","modified_gmt":"2021-10-05T23:51:29","slug":"a-propos-estelle-bonetto-fransaskoise-artiste-ecrivaine-saskatchewan-regina","status":"publish","type":"page","link":"https:\/\/estellebonetto.ca\/fr\/a-propos-estelle-bonetto-fransaskoise-artiste-ecrivaine-saskatchewan-regina\/","title":{"rendered":"\u00c0 propos"},"content":{"rendered":"\t\t<div data-elementor-type=\"wp-page\" data-elementor-id=\"1270\" class=\"elementor elementor-1270\">\n\t\t\t\t\t\t<section class=\"elementor-section elementor-top-section elementor-element elementor-element-44efa24 elementor-section-boxed elementor-section-height-default elementor-section-height-default\" data-id=\"44efa24\" data-element_type=\"section\" data-e-type=\"section\" data-settings=\"{&quot;jet_parallax_layout_list&quot;:[{&quot;jet_parallax_layout_image&quot;:{&quot;url&quot;:&quot;&quot;,&quot;id&quot;:&quot;&quot;,&quot;size&quot;:&quot;&quot;},&quot;_id&quot;:&quot;a86dfdb&quot;,&quot;jet_parallax_layout_speed&quot;:{&quot;unit&quot;:&quot;%&quot;,&quot;size&quot;:&quot;50&quot;,&quot;sizes&quot;:[]},&quot;jet_parallax_layout_bg_x&quot;:&quot;50&quot;,&quot;jet_parallax_layout_bg_y&quot;:&quot;50&quot;,&quot;jet_parallax_layout_image_tablet&quot;:{&quot;url&quot;:&quot;&quot;,&quot;id&quot;:&quot;&quot;,&quot;size&quot;:&quot;&quot;},&quot;jet_parallax_layout_image_mobile&quot;:{&quot;url&quot;:&quot;&quot;,&quot;id&quot;:&quot;&quot;,&quot;size&quot;:&quot;&quot;},&quot;jet_parallax_layout_type&quot;:&quot;scroll&quot;,&quot;jet_parallax_layout_direction&quot;:&quot;1&quot;,&quot;jet_parallax_layout_fx_direction&quot;:null,&quot;jet_parallax_layout_z_index&quot;:&quot;&quot;,&quot;jet_parallax_layout_bg_x_tablet&quot;:&quot;&quot;,&quot;jet_parallax_layout_bg_x_mobile&quot;:&quot;&quot;,&quot;jet_parallax_layout_bg_y_tablet&quot;:&quot;&quot;,&quot;jet_parallax_layout_bg_y_mobile&quot;:&quot;&quot;,&quot;jet_parallax_layout_bg_size&quot;:&quot;auto&quot;,&quot;jet_parallax_layout_bg_size_tablet&quot;:&quot;&quot;,&quot;jet_parallax_layout_bg_size_mobile&quot;:&quot;&quot;,&quot;jet_parallax_layout_animation_prop&quot;:&quot;transform&quot;,&quot;jet_parallax_layout_on&quot;:[&quot;desktop&quot;,&quot;tablet&quot;]}],&quot;background_background&quot;:&quot;classic&quot;}\">\n\t\t\t\t\t\t<div class=\"elementor-container elementor-column-gap-no\">\n\t\t\t\t\t<div class=\"elementor-column elementor-col-100 elementor-top-column elementor-element elementor-element-416cdb5\" data-id=\"416cdb5\" data-element_type=\"column\" data-e-type=\"column\">\n\t\t\t<div class=\"elementor-widget-wrap elementor-element-populated\">\n\t\t\t\t\t\t<div class=\"elementor-element elementor-element-25a9d99 elementor-widget elementor-widget-heading\" data-id=\"25a9d99\" data-element_type=\"widget\" data-e-type=\"widget\" data-widget_type=\"heading.default\">\n\t\t\t\t<div class=\"elementor-widget-container\">\n\t\t\t\t\t<h1 class=\"elementor-heading-title elementor-size-default\">\u00c0 propos<\/h1>\t\t\t\t<\/div>\n\t\t\t\t<\/div>\n\t\t\t\t\t<\/div>\n\t\t<\/div>\n\t\t\t\t\t<\/div>\n\t\t<\/section>\n\t\t\t\t<section class=\"elementor-section elementor-top-section elementor-element elementor-element-4bcb611 elementor-section-boxed elementor-section-height-default elementor-section-height-default\" data-id=\"4bcb611\" data-element_type=\"section\" data-e-type=\"section\" data-settings=\"{&quot;jet_parallax_layout_list&quot;:[{&quot;jet_parallax_layout_image&quot;:{&quot;url&quot;:&quot;&quot;,&quot;id&quot;:&quot;&quot;,&quot;size&quot;:&quot;&quot;},&quot;_id&quot;:&quot;5d2fa6a&quot;,&quot;jet_parallax_layout_speed&quot;:{&quot;unit&quot;:&quot;%&quot;,&quot;size&quot;:&quot;50&quot;,&quot;sizes&quot;:[]},&quot;jet_parallax_layout_bg_x&quot;:&quot;50&quot;,&quot;jet_parallax_layout_bg_y&quot;:&quot;50&quot;,&quot;jet_parallax_layout_image_tablet&quot;:{&quot;url&quot;:&quot;&quot;,&quot;id&quot;:&quot;&quot;,&quot;size&quot;:&quot;&quot;},&quot;jet_parallax_layout_image_mobile&quot;:{&quot;url&quot;:&quot;&quot;,&quot;id&quot;:&quot;&quot;,&quot;size&quot;:&quot;&quot;},&quot;jet_parallax_layout_type&quot;:&quot;scroll&quot;,&quot;jet_parallax_layout_direction&quot;:&quot;1&quot;,&quot;jet_parallax_layout_fx_direction&quot;:null,&quot;jet_parallax_layout_z_index&quot;:&quot;&quot;,&quot;jet_parallax_layout_bg_x_tablet&quot;:&quot;&quot;,&quot;jet_parallax_layout_bg_x_mobile&quot;:&quot;&quot;,&quot;jet_parallax_layout_bg_y_tablet&quot;:&quot;&quot;,&quot;jet_parallax_layout_bg_y_mobile&quot;:&quot;&quot;,&quot;jet_parallax_layout_bg_size&quot;:&quot;auto&quot;,&quot;jet_parallax_layout_bg_size_tablet&quot;:&quot;&quot;,&quot;jet_parallax_layout_bg_size_mobile&quot;:&quot;&quot;,&quot;jet_parallax_layout_animation_prop&quot;:&quot;transform&quot;,&quot;jet_parallax_layout_on&quot;:[&quot;desktop&quot;,&quot;tablet&quot;]}]}\">\n\t\t\t\t\t\t<div class=\"elementor-container elementor-column-gap-no\">\n\t\t\t\t\t<div class=\"elementor-column elementor-col-100 elementor-top-column elementor-element elementor-element-da6a8b9\" data-id=\"da6a8b9\" data-element_type=\"column\" data-e-type=\"column\">\n\t\t\t<div class=\"elementor-widget-wrap elementor-element-populated\">\n\t\t\t\t\t\t<div class=\"elementor-element elementor-element-d0ede8a elementor-widget elementor-widget-raven-image\" data-id=\"d0ede8a\" data-element_type=\"widget\" data-e-type=\"widget\" data-widget_type=\"raven-image.default\">\n\t\t\t\t<div class=\"elementor-widget-container\">\n\t\t\t\t\t\t\t<div class=\"raven-image\">\n\t\t\n\t\t\n\t\t<img fetchpriority=\"high\" decoding=\"async\" width=\"1140\" height=\"551\" src=\"https:\/\/estellebonetto.ca\/wp-content\/uploads\/2021\/06\/Bras-tatoue.jpg\" class=\"attachment-full size-full wp-image-390\" alt=\"Bras tatou\u00e9\" srcset=\"https:\/\/estellebonetto.ca\/wp-content\/uploads\/2021\/06\/Bras-tatoue.jpg 1140w, https:\/\/estellebonetto.ca\/wp-content\/uploads\/2021\/06\/Bras-tatoue-300x145.jpg 300w, https:\/\/estellebonetto.ca\/wp-content\/uploads\/2021\/06\/Bras-tatoue-1024x495.jpg 1024w, https:\/\/estellebonetto.ca\/wp-content\/uploads\/2021\/06\/Bras-tatoue-768x371.jpg 768w\" sizes=\"(max-width: 1140px) 100vw, 1140px\" \/>\t\t<\/div>\n\t\t\t\t\t\t<\/div>\n\t\t\t\t<\/div>\n\t\t\t\t<div class=\"elementor-element elementor-element-5b5c763 elementor-widget elementor-widget-heading\" data-id=\"5b5c763\" data-element_type=\"widget\" data-e-type=\"widget\" data-widget_type=\"heading.default\">\n\t\t\t\t<div class=\"elementor-widget-container\">\n\t\t\t\t\t<h2 class=\"elementor-heading-title elementor-size-default\">Comment j'aborde l'art <\/h2>\t\t\t\t<\/div>\n\t\t\t\t<\/div>\n\t\t\t\t<div class=\"elementor-element elementor-element-a44abed elementor-widget elementor-widget-raven-divider\" data-id=\"a44abed\" data-element_type=\"widget\" data-e-type=\"widget\" data-widget_type=\"raven-divider.default\">\n\t\t\t\t<div class=\"elementor-widget-container\">\n\t\t\t\t\t\t\t<div class=\"raven-widget-wrapper\">\n\t\t\t<div class=\"raven-divider\">\n\t\t\t\t<span class=\"raven-divider-line raven-divider-solid\"><\/span>\n\t\t\t<\/div>\n\t\t<\/div>\n\t\t\t\t\t\t<\/div>\n\t\t\t\t<\/div>\n\t\t\t\t<div class=\"elementor-element elementor-element-61f938a elementor-widget elementor-widget-text-editor\" data-id=\"61f938a\" data-element_type=\"widget\" data-e-type=\"widget\" data-widget_type=\"text-editor.default\">\n\t\t\t\t<div class=\"elementor-widget-container\">\n\t\t\t\t\t\t\t\t\t<p>Ma d\u00e9marche artistique s&rsquo;articule autour de la recherche des angles morts pour r\u00e9v\u00e9ler leur vivacit\u00e9. La photographie me permet d&rsquo;acc\u00e9der \u00e0 diff\u00e9rentes perceptions, \u00e0 diff\u00e9rents points de vue. L&rsquo;\u0153il du cristallin a la capacit\u00e9 de s&rsquo;\u00e9loigner de la r\u00e9alit\u00e9 et de voir le monde sous un nouveau jour. A travers le prisme photographique, qui exacerbe l&rsquo;illusion du miroir en le d\u00e9formant \u00e0 volont\u00e9, je tente d&rsquo;apporter des r\u00e9ponses, d\u00e9coup\u00e9es dans une r\u00e9alit\u00e9 elle-m\u00eame fragment\u00e9e.<\/p><p>J&rsquo;aime aborder des th\u00e8mes vari\u00e9s allant de l&rsquo;exp\u00e9rience migratoire \u00e0 l&rsquo;identit\u00e9 plurielle, en passant par le patrimoine culinaire, ou l&rsquo;exil culturel et volontaire. Ma d\u00e9marche est profond\u00e9ment marqu\u00e9e par mon identit\u00e9 francophone qui int\u00e8gre naturellement des \u00e9l\u00e9ments de culture et de langue.<\/p><p>Mes int\u00e9r\u00eats sont \u00e9galement ancr\u00e9s dans la notion de mise en sc\u00e8ne de mes \u0153uvres photographiques fragment\u00e9es qui apporte diff\u00e9rentes couches narratives et un caract\u00e8re th\u00e9\u00e2tral \u00e0 l&rsquo;exp\u00e9rience. Il ne s&rsquo;agit plus de montrer les \u0153uvres, mais de les consid\u00e9rer comme des personnages qui participent pleinement et jouent un r\u00f4le compl\u00e9mentaire et interactif. La photo est performance. Je la mets en sc\u00e8ne pour qu&rsquo;elle puisse prendre toute sa place narrative dans l&rsquo;espace qu&rsquo;elle occupe, tant \u00e0 l&rsquo;int\u00e9rieur qu&rsquo;\u00e0 l&rsquo;ext\u00e9rieur.<\/p>\t\t\t\t\t\t\t\t<\/div>\n\t\t\t\t<\/div>\n\t\t\t\t\t<\/div>\n\t\t<\/div>\n\t\t\t\t\t<\/div>\n\t\t<\/section>\n\t\t\t\t<section class=\"elementor-section elementor-top-section elementor-element elementor-element-35ab33dc elementor-section-content-middle elementor-section-boxed elementor-section-height-default elementor-section-height-default\" data-id=\"35ab33dc\" data-element_type=\"section\" data-e-type=\"section\" data-settings=\"{&quot;jet_parallax_layout_list&quot;:[{&quot;_id&quot;:&quot;91ad46f&quot;,&quot;jet_parallax_layout_image&quot;:{&quot;url&quot;:&quot;&quot;,&quot;id&quot;:&quot;&quot;,&quot;size&quot;:&quot;&quot;},&quot;jet_parallax_layout_image_tablet&quot;:{&quot;url&quot;:&quot;&quot;,&quot;id&quot;:&quot;&quot;,&quot;size&quot;:&quot;&quot;},&quot;jet_parallax_layout_image_mobile&quot;:{&quot;url&quot;:&quot;&quot;,&quot;id&quot;:&quot;&quot;,&quot;size&quot;:&quot;&quot;},&quot;jet_parallax_layout_speed&quot;:{&quot;unit&quot;:&quot;%&quot;,&quot;size&quot;:50,&quot;sizes&quot;:[]},&quot;jet_parallax_layout_type&quot;:&quot;scroll&quot;,&quot;jet_parallax_layout_direction&quot;:&quot;1&quot;,&quot;jet_parallax_layout_fx_direction&quot;:null,&quot;jet_parallax_layout_z_index&quot;:&quot;&quot;,&quot;jet_parallax_layout_bg_x&quot;:50,&quot;jet_parallax_layout_bg_x_tablet&quot;:&quot;&quot;,&quot;jet_parallax_layout_bg_x_mobile&quot;:&quot;&quot;,&quot;jet_parallax_layout_bg_y&quot;:50,&quot;jet_parallax_layout_bg_y_tablet&quot;:&quot;&quot;,&quot;jet_parallax_layout_bg_y_mobile&quot;:&quot;&quot;,&quot;jet_parallax_layout_bg_size&quot;:&quot;auto&quot;,&quot;jet_parallax_layout_bg_size_tablet&quot;:&quot;&quot;,&quot;jet_parallax_layout_bg_size_mobile&quot;:&quot;&quot;,&quot;jet_parallax_layout_animation_prop&quot;:&quot;transform&quot;,&quot;jet_parallax_layout_on&quot;:[&quot;desktop&quot;,&quot;tablet&quot;]}]}\">\n\t\t\t\t\t\t<div class=\"elementor-container elementor-column-gap-no\">\n\t\t\t\t\t<div class=\"elementor-column elementor-col-33 elementor-top-column elementor-element elementor-element-4fbe30d6\" data-id=\"4fbe30d6\" data-element_type=\"column\" data-e-type=\"column\">\n\t\t\t<div class=\"elementor-widget-wrap elementor-element-populated\">\n\t\t\t\t\t\t<div class=\"elementor-element elementor-element-299ff09 elementor-widget elementor-widget-text-editor\" data-id=\"299ff09\" data-element_type=\"widget\" data-e-type=\"widget\" data-widget_type=\"text-editor.default\">\n\t\t\t\t<div class=\"elementor-widget-container\">\n\t\t\t\t\t\t\t\t\t<p>VENEZ D\u00c9COUVRIR<\/p>\t\t\t\t\t\t\t\t<\/div>\n\t\t\t\t<\/div>\n\t\t\t\t<div class=\"elementor-element elementor-element-211adb95 elementor-widget elementor-widget-heading\" data-id=\"211adb95\" data-element_type=\"widget\" data-e-type=\"widget\" data-widget_type=\"heading.default\">\n\t\t\t\t<div class=\"elementor-widget-container\">\n\t\t\t\t\t<h3 class=\"elementor-heading-title elementor-size-default\"><a href=\"http:\/\/9kp.26f.myftpupload.com\/artworks\/\">Oeuvres<br>&amp; Expositions<\/a><\/h3>\t\t\t\t<\/div>\n\t\t\t\t<\/div>\n\t\t\t\t<div class=\"elementor-element elementor-element-64d80c16 elementor-widget-divider--view-line elementor-widget elementor-widget-divider\" data-id=\"64d80c16\" data-element_type=\"widget\" data-e-type=\"widget\" data-widget_type=\"divider.default\">\n\t\t\t\t<div class=\"elementor-widget-container\">\n\t\t\t\t\t\t\t<div class=\"elementor-divider\">\n\t\t\t<span class=\"elementor-divider-separator\">\n\t\t\t\t\t\t<\/span>\n\t\t<\/div>\n\t\t\t\t\t\t<\/div>\n\t\t\t\t<\/div>\n\t\t\t\t<div class=\"elementor-element elementor-element-0ce1907 elementor-widget elementor-widget-spacer\" data-id=\"0ce1907\" data-element_type=\"widget\" data-e-type=\"widget\" data-widget_type=\"spacer.default\">\n\t\t\t\t<div class=\"elementor-widget-container\">\n\t\t\t\t\t\t\t<div class=\"elementor-spacer\">\n\t\t\t<div class=\"elementor-spacer-inner\"><\/div>\n\t\t<\/div>\n\t\t\t\t\t\t<\/div>\n\t\t\t\t<\/div>\n\t\t\t\t<div class=\"elementor-element elementor-element-8d9d8d5 elementor-widget elementor-widget-button\" data-id=\"8d9d8d5\" data-element_type=\"widget\" data-e-type=\"widget\" data-widget_type=\"button.default\">\n\t\t\t\t<div class=\"elementor-widget-container\">\n\t\t\t\t\t\t\t\t\t<div class=\"elementor-button-wrapper\">\n\t\t\t\t\t<a class=\"elementor-button elementor-button-link elementor-size-sm\" href=\"http:\/\/9kp.26f.myftpupload.com\/artworks\/\">\n\t\t\t\t\t\t<span class=\"elementor-button-content-wrapper\">\n\t\t\t\t\t\t\t\t\t<span class=\"elementor-button-text\">Plus d'infos<\/span>\n\t\t\t\t\t<\/span>\n\t\t\t\t\t<\/a>\n\t\t\t\t<\/div>\n\t\t\t\t\t\t\t\t<\/div>\n\t\t\t\t<\/div>\n\t\t\t\t\t<\/div>\n\t\t<\/div>\n\t\t\t\t<div class=\"elementor-column elementor-col-33 elementor-top-column elementor-element elementor-element-1ccfd3ce\" data-id=\"1ccfd3ce\" data-element_type=\"column\" data-e-type=\"column\">\n\t\t\t<div class=\"elementor-widget-wrap elementor-element-populated\">\n\t\t\t\t\t\t<div class=\"elementor-element elementor-element-28740154 elementor-widget elementor-widget-image\" data-id=\"28740154\" data-element_type=\"widget\" data-e-type=\"widget\" data-widget_type=\"image.default\">\n\t\t\t\t<div class=\"elementor-widget-container\">\n\t\t\t\t\t\t\t\t\t\t\t\t\t\t\t<img decoding=\"async\" width=\"359\" height=\"257\" src=\"https:\/\/estellebonetto.ca\/wp-content\/uploads\/2021\/07\/Picture2-1.png\" class=\"elementor-animation-grow attachment-full size-full wp-image-1021\" alt=\"\" srcset=\"https:\/\/estellebonetto.ca\/wp-content\/uploads\/2021\/07\/Picture2-1.png 359w, https:\/\/estellebonetto.ca\/wp-content\/uploads\/2021\/07\/Picture2-1-300x215.png 300w\" sizes=\"(max-width: 359px) 100vw, 359px\" \/>\t\t\t\t\t\t\t\t\t\t\t\t\t\t\t<\/div>\n\t\t\t\t<\/div>\n\t\t\t\t<div class=\"elementor-element elementor-element-5d03b037 elementor-widget elementor-widget-text-editor\" data-id=\"5d03b037\" data-element_type=\"widget\" data-e-type=\"widget\" data-widget_type=\"text-editor.default\">\n\t\t\t\t<div class=\"elementor-widget-container\">\n\t\t\t\t\t\t\t\t\t<p>\u00c9chos \u2013 R\u00e9:flexions \u2013 Installation photographique \u00e0 la Galerie BAM, \u00e0 Saskatoon, dans le cadre du projet Mentorat et visibilit\u00e9 du Conseil culturel fransaskois (juin 2020)<\/p>\t\t\t\t\t\t\t\t<\/div>\n\t\t\t\t<\/div>\n\t\t\t\t\t<\/div>\n\t\t<\/div>\n\t\t\t\t<div class=\"elementor-column elementor-col-33 elementor-top-column elementor-element elementor-element-1cf78288\" data-id=\"1cf78288\" data-element_type=\"column\" data-e-type=\"column\">\n\t\t\t<div class=\"elementor-widget-wrap elementor-element-populated\">\n\t\t\t\t\t\t<div class=\"elementor-element elementor-element-1090ed98 elementor-widget elementor-widget-text-editor\" data-id=\"1090ed98\" data-element_type=\"widget\" data-e-type=\"widget\" data-widget_type=\"text-editor.default\">\n\t\t\t\t<div class=\"elementor-widget-container\">\n\t\t\t\t\t\t\t\t\t<p>ECHOES est une exposition virtuelle h\u00e9berg\u00e9e par BAM qui a \u00e9t\u00e9 mont\u00e9e par le Conseil Culturel Fransaskois. Estelle Bonetto a fait partie d&rsquo;un mentorat d&rsquo;un an avec 4 artistes fransaskois et le commissaire Serge Murphy.<\/p>\t\t\t\t\t\t\t\t<\/div>\n\t\t\t\t<\/div>\n\t\t\t\t<div class=\"elementor-element elementor-element-7fc780c8 elementor-widget elementor-widget-image\" data-id=\"7fc780c8\" data-element_type=\"widget\" data-e-type=\"widget\" data-widget_type=\"image.default\">\n\t\t\t\t<div class=\"elementor-widget-container\">\n\t\t\t\t\t\t\t\t\t\t\t\t\t\t\t<img decoding=\"async\" width=\"798\" height=\"1048\" src=\"https:\/\/estellebonetto.ca\/wp-content\/uploads\/2021\/06\/ECHOS-site-web.png\" class=\"elementor-animation-grow attachment-full size-full wp-image-471\" alt=\"\u00c9CHOS-exhibition-Saskatoon-Saskatchewan\" srcset=\"https:\/\/estellebonetto.ca\/wp-content\/uploads\/2021\/06\/ECHOS-site-web.png 798w, https:\/\/estellebonetto.ca\/wp-content\/uploads\/2021\/06\/ECHOS-site-web-228x300.png 228w, https:\/\/estellebonetto.ca\/wp-content\/uploads\/2021\/06\/ECHOS-site-web-780x1024.png 780w, https:\/\/estellebonetto.ca\/wp-content\/uploads\/2021\/06\/ECHOS-site-web-768x1009.png 768w\" sizes=\"(max-width: 798px) 100vw, 798px\" \/>\t\t\t\t\t\t\t\t\t\t\t\t\t\t\t<\/div>\n\t\t\t\t<\/div>\n\t\t\t\t\t<\/div>\n\t\t<\/div>\n\t\t\t\t\t<\/div>\n\t\t<\/section>\n\t\t\t\t<section class=\"elementor-section elementor-top-section elementor-element elementor-element-26c5694d elementor-section-boxed elementor-section-height-default elementor-section-height-default\" data-id=\"26c5694d\" data-element_type=\"section\" data-e-type=\"section\" data-settings=\"{&quot;jet_parallax_layout_list&quot;:[{&quot;_id&quot;:&quot;406bed9&quot;,&quot;jet_parallax_layout_image&quot;:{&quot;url&quot;:&quot;&quot;,&quot;id&quot;:&quot;&quot;,&quot;size&quot;:&quot;&quot;},&quot;jet_parallax_layout_image_tablet&quot;:{&quot;url&quot;:&quot;&quot;,&quot;id&quot;:&quot;&quot;,&quot;size&quot;:&quot;&quot;},&quot;jet_parallax_layout_image_mobile&quot;:{&quot;url&quot;:&quot;&quot;,&quot;id&quot;:&quot;&quot;,&quot;size&quot;:&quot;&quot;},&quot;jet_parallax_layout_speed&quot;:{&quot;unit&quot;:&quot;%&quot;,&quot;size&quot;:50,&quot;sizes&quot;:[]},&quot;jet_parallax_layout_type&quot;:&quot;scroll&quot;,&quot;jet_parallax_layout_direction&quot;:&quot;1&quot;,&quot;jet_parallax_layout_fx_direction&quot;:null,&quot;jet_parallax_layout_z_index&quot;:&quot;&quot;,&quot;jet_parallax_layout_bg_x&quot;:50,&quot;jet_parallax_layout_bg_x_tablet&quot;:&quot;&quot;,&quot;jet_parallax_layout_bg_x_mobile&quot;:&quot;&quot;,&quot;jet_parallax_layout_bg_y&quot;:50,&quot;jet_parallax_layout_bg_y_tablet&quot;:&quot;&quot;,&quot;jet_parallax_layout_bg_y_mobile&quot;:&quot;&quot;,&quot;jet_parallax_layout_bg_size&quot;:&quot;auto&quot;,&quot;jet_parallax_layout_bg_size_tablet&quot;:&quot;&quot;,&quot;jet_parallax_layout_bg_size_mobile&quot;:&quot;&quot;,&quot;jet_parallax_layout_animation_prop&quot;:&quot;transform&quot;,&quot;jet_parallax_layout_on&quot;:[&quot;desktop&quot;,&quot;tablet&quot;]}]}\">\n\t\t\t\t\t\t<div class=\"elementor-container elementor-column-gap-default\">\n\t\t\t\t\t<div class=\"elementor-column elementor-col-100 elementor-top-column elementor-element elementor-element-910f30f\" data-id=\"910f30f\" data-element_type=\"column\" data-e-type=\"column\">\n\t\t\t<div class=\"elementor-widget-wrap elementor-element-populated\">\n\t\t\t\t\t\t<div class=\"elementor-element elementor-element-6b9c0986 elementor-widget elementor-widget-jet-animated-text\" data-id=\"6b9c0986\" data-element_type=\"widget\" data-e-type=\"widget\" data-widget_type=\"jet-animated-text.default\">\n\t\t\t\t<div class=\"elementor-widget-container\">\n\t\t\t\t\t<div class=\"elementor-jet-animated-text jet-elements\">\n<div class=\"jet-animated-text jet-animated-text--effect-fx6\" data-settings='{&quot;effect&quot;:&quot;fx6&quot;,&quot;delay&quot;:2000}'>\n\t<div class=\"jet-animated-text__before-text\">\n\t<span>Ce<\/span>&nbsp;<span>que<\/span>&nbsp;<span>les<\/span>&nbsp;<\/div>\n\t<div class=\"jet-animated-text__animated-text\">\n<div class=\"jet-animated-text__animated-text-item active visible\" dir=\"ltr\">\n\t<span>j<\/span><span>o<\/span><span>u<\/span><span>r<\/span><span>n<\/span><span>a<\/span><span>u<\/span><span>x<\/span>&nbsp;<\/div>\n<div class=\"jet-animated-text__animated-text-item\" dir=\"ltr\">\n\t<span>m<\/span><span>\u00e9<\/span><span>d<\/span><span>i<\/span><span>a<\/span><span>s<\/span>&nbsp;<\/div>\n<div class=\"jet-animated-text__animated-text-item\" dir=\"ltr\">\n\t<span>&nbsp;<\/span><span>m<\/span><span>\u00e9<\/span><span>d<\/span><span>i<\/span><span>a<\/span><span>s<\/span><span>&nbsp;<\/span><span>s<\/span><span>o<\/span><span>c<\/span><span>i<\/span><span>a<\/span><span>u<\/span><span>x<\/span>&nbsp;<\/div>\n<\/div>\t<div class=\"jet-animated-text__after-text\">\n\t<span>en<\/span>&nbsp;<span>disent<\/span><\/div><\/div><\/div>\t\t\t\t<\/div>\n\t\t\t\t<\/div>\n\t\t\t\t\t<\/div>\n\t\t<\/div>\n\t\t\t\t\t<\/div>\n\t\t<\/section>\n\t\t\t\t<section class=\"elementor-section elementor-top-section elementor-element elementor-element-f5ea0f8 elementor-section-content-middle elementor-section-boxed elementor-section-height-default elementor-section-height-default\" data-id=\"f5ea0f8\" data-element_type=\"section\" data-e-type=\"section\" data-settings=\"{&quot;jet_parallax_layout_list&quot;:[{&quot;_id&quot;:&quot;8f6ca17&quot;,&quot;jet_parallax_layout_image&quot;:{&quot;url&quot;:&quot;&quot;,&quot;id&quot;:&quot;&quot;,&quot;size&quot;:&quot;&quot;},&quot;jet_parallax_layout_image_tablet&quot;:{&quot;url&quot;:&quot;&quot;,&quot;id&quot;:&quot;&quot;,&quot;size&quot;:&quot;&quot;},&quot;jet_parallax_layout_image_mobile&quot;:{&quot;url&quot;:&quot;&quot;,&quot;id&quot;:&quot;&quot;,&quot;size&quot;:&quot;&quot;},&quot;jet_parallax_layout_speed&quot;:{&quot;unit&quot;:&quot;%&quot;,&quot;size&quot;:50,&quot;sizes&quot;:[]},&quot;jet_parallax_layout_type&quot;:&quot;scroll&quot;,&quot;jet_parallax_layout_direction&quot;:&quot;1&quot;,&quot;jet_parallax_layout_fx_direction&quot;:null,&quot;jet_parallax_layout_z_index&quot;:&quot;&quot;,&quot;jet_parallax_layout_bg_x&quot;:50,&quot;jet_parallax_layout_bg_x_tablet&quot;:&quot;&quot;,&quot;jet_parallax_layout_bg_x_mobile&quot;:&quot;&quot;,&quot;jet_parallax_layout_bg_y&quot;:50,&quot;jet_parallax_layout_bg_y_tablet&quot;:&quot;&quot;,&quot;jet_parallax_layout_bg_y_mobile&quot;:&quot;&quot;,&quot;jet_parallax_layout_bg_size&quot;:&quot;auto&quot;,&quot;jet_parallax_layout_bg_size_tablet&quot;:&quot;&quot;,&quot;jet_parallax_layout_bg_size_mobile&quot;:&quot;&quot;,&quot;jet_parallax_layout_animation_prop&quot;:&quot;transform&quot;,&quot;jet_parallax_layout_on&quot;:[&quot;desktop&quot;,&quot;tablet&quot;]}]}\">\n\t\t\t\t\t\t<div class=\"elementor-container elementor-column-gap-no\">\n\t\t\t\t\t<div class=\"elementor-column elementor-col-50 elementor-top-column elementor-element elementor-element-0c0a79d\" data-id=\"0c0a79d\" data-element_type=\"column\" data-e-type=\"column\">\n\t\t\t<div class=\"elementor-widget-wrap elementor-element-populated\">\n\t\t\t\t\t\t<div class=\"elementor-element elementor-element-2b9c0da elementor-widget elementor-widget-heading\" data-id=\"2b9c0da\" data-element_type=\"widget\" data-e-type=\"widget\" data-widget_type=\"heading.default\">\n\t\t\t\t<div class=\"elementor-widget-container\">\n\t\t\t\t\t<h4 class=\"elementor-heading-title elementor-size-default\">L'Eau Vive<\/h4>\t\t\t\t<\/div>\n\t\t\t\t<\/div>\n\t\t\t\t<div class=\"elementor-element elementor-element-d95209f elementor-widget elementor-widget-text-editor\" data-id=\"d95209f\" data-element_type=\"widget\" data-e-type=\"widget\" data-widget_type=\"text-editor.default\">\n\t\t\t\t<div class=\"elementor-widget-container\">\n\t\t\t\t\t\t\t\t\t<p>Estelle Bonetto a \u00e9t\u00e9 finaliste du Prix d&rsquo;excellence de la presse francophone 2021 pour son article Arts et Culture \u00ab La parit\u00e9 derri\u00e8re les tables de mixage \u00bb, un article traitant de la parit\u00e9 derri\u00e8re les platines alors que les femmes DJ tournaient la table au Regina&rsquo;s The Cure Club le samedi 7 mars lors de l&rsquo;\u00e9v\u00e9nement Divas on the Decks, une soir\u00e9e soulignant la Journ\u00e9e internationale de la femme le 8 mars et la forte influence f\u00e9minine sur une sc\u00e8ne marqu\u00e9e par son inclusivit\u00e9.<\/p>\t\t\t\t\t\t\t\t<\/div>\n\t\t\t\t<\/div>\n\t\t\t\t<div class=\"elementor-element elementor-element-a33535f elementor-widget elementor-widget-button\" data-id=\"a33535f\" data-element_type=\"widget\" data-e-type=\"widget\" data-widget_type=\"button.default\">\n\t\t\t\t<div class=\"elementor-widget-container\">\n\t\t\t\t\t\t\t\t\t<div class=\"elementor-button-wrapper\">\n\t\t\t\t\t<a class=\"elementor-button elementor-button-link elementor-size-sm\" href=\"https:\/\/leau-vive.ca\/Societe\/la-parite-derriere-les-tables-de-mixage?fbclid=IwAR08-VSj6XdRFiY4dbPeyGH_mkrQsBX1F8eXVT9E5fwBIXwdhJiC6N0XOEg\">\n\t\t\t\t\t\t<span class=\"elementor-button-content-wrapper\">\n\t\t\t\t\t\t\t\t\t<span class=\"elementor-button-text\">Lire l'article<\/span>\n\t\t\t\t\t<\/span>\n\t\t\t\t\t<\/a>\n\t\t\t\t<\/div>\n\t\t\t\t\t\t\t\t<\/div>\n\t\t\t\t<\/div>\n\t\t\t\t\t<\/div>\n\t\t<\/div>\n\t\t\t\t<div class=\"elementor-column elementor-col-50 elementor-top-column elementor-element elementor-element-4ada177\" data-id=\"4ada177\" data-element_type=\"column\" data-e-type=\"column\">\n\t\t\t<div class=\"elementor-widget-wrap elementor-element-populated\">\n\t\t\t\t\t\t<div class=\"elementor-element elementor-element-3201c74 elementor-widget elementor-widget-video\" data-id=\"3201c74\" data-element_type=\"widget\" data-e-type=\"widget\" data-settings=\"{&quot;video_type&quot;:&quot;hosted&quot;}\" data-widget_type=\"video.default\">\n\t\t\t\t<div class=\"elementor-widget-container\">\n\t\t\t\t\t\t\t<div class=\"e-hosted-video elementor-wrapper elementor-open-inline\">\n\t\t\t\t\t<video class=\"elementor-video\" src=\"http:\/\/9kp.26f.myftpupload.com\/wp-content\/uploads\/2021\/06\/estelle-bonetto-1.jpg\" preload=\"metadata\" controlsList=\"nodownload\" poster=\"http:\/\/9kp.26f.myftpupload.com\/wp-content\/uploads\/2021\/07\/Prix-dexcellence-Journalisme2.jpg\"><\/video>\n\t\t\t\t<\/div>\n\t\t\t\t\t\t<\/div>\n\t\t\t\t<\/div>\n\t\t\t\t\t<\/div>\n\t\t<\/div>\n\t\t\t\t\t<\/div>\n\t\t<\/section>\n\t\t\t\t<section class=\"elementor-section elementor-top-section elementor-element elementor-element-ebb4b63 elementor-section-content-middle elementor-section-boxed elementor-section-height-default elementor-section-height-default\" data-id=\"ebb4b63\" data-element_type=\"section\" data-e-type=\"section\" data-settings=\"{&quot;jet_parallax_layout_list&quot;:[{&quot;_id&quot;:&quot;8f6ca17&quot;,&quot;jet_parallax_layout_image&quot;:{&quot;url&quot;:&quot;&quot;,&quot;id&quot;:&quot;&quot;,&quot;size&quot;:&quot;&quot;},&quot;jet_parallax_layout_image_tablet&quot;:{&quot;url&quot;:&quot;&quot;,&quot;id&quot;:&quot;&quot;,&quot;size&quot;:&quot;&quot;},&quot;jet_parallax_layout_image_mobile&quot;:{&quot;url&quot;:&quot;&quot;,&quot;id&quot;:&quot;&quot;,&quot;size&quot;:&quot;&quot;},&quot;jet_parallax_layout_speed&quot;:{&quot;unit&quot;:&quot;%&quot;,&quot;size&quot;:50,&quot;sizes&quot;:[]},&quot;jet_parallax_layout_type&quot;:&quot;scroll&quot;,&quot;jet_parallax_layout_direction&quot;:&quot;1&quot;,&quot;jet_parallax_layout_fx_direction&quot;:null,&quot;jet_parallax_layout_z_index&quot;:&quot;&quot;,&quot;jet_parallax_layout_bg_x&quot;:50,&quot;jet_parallax_layout_bg_x_tablet&quot;:&quot;&quot;,&quot;jet_parallax_layout_bg_x_mobile&quot;:&quot;&quot;,&quot;jet_parallax_layout_bg_y&quot;:50,&quot;jet_parallax_layout_bg_y_tablet&quot;:&quot;&quot;,&quot;jet_parallax_layout_bg_y_mobile&quot;:&quot;&quot;,&quot;jet_parallax_layout_bg_size&quot;:&quot;auto&quot;,&quot;jet_parallax_layout_bg_size_tablet&quot;:&quot;&quot;,&quot;jet_parallax_layout_bg_size_mobile&quot;:&quot;&quot;,&quot;jet_parallax_layout_animation_prop&quot;:&quot;transform&quot;,&quot;jet_parallax_layout_on&quot;:[&quot;desktop&quot;,&quot;tablet&quot;]}]}\">\n\t\t\t\t\t\t<div class=\"elementor-container elementor-column-gap-no\">\n\t\t\t\t\t<div class=\"elementor-column elementor-col-50 elementor-top-column elementor-element elementor-element-f4f2729\" data-id=\"f4f2729\" data-element_type=\"column\" data-e-type=\"column\">\n\t\t\t<div class=\"elementor-widget-wrap elementor-element-populated\">\n\t\t\t\t\t\t<div class=\"elementor-element elementor-element-a11a377 elementor-widget elementor-widget-heading\" data-id=\"a11a377\" data-element_type=\"widget\" data-e-type=\"widget\" data-widget_type=\"heading.default\">\n\t\t\t\t<div class=\"elementor-widget-container\">\n\t\t\t\t\t<h4 class=\"elementor-heading-title elementor-size-default\">Radio Canada<\/h4>\t\t\t\t<\/div>\n\t\t\t\t<\/div>\n\t\t\t\t<div class=\"elementor-element elementor-element-6747206 elementor-widget elementor-widget-text-editor\" data-id=\"6747206\" data-element_type=\"widget\" data-e-type=\"widget\" data-widget_type=\"text-editor.default\">\n\t\t\t\t<div class=\"elementor-widget-container\">\n\t\t\t\t\t\t\t\t\t<p>Entrevue \u00e0 l\u2019\u00e9mission de radio \u00ab\u00a0Pour faire un monde\u00a0\u00bb lors de la sortie du recueil de po\u00e9sie photographique \u00ab \u00c0 fleur d&rsquo;\u00e2ge \u00bb.<\/p>\t\t\t\t\t\t\t\t<\/div>\n\t\t\t\t<\/div>\n\t\t\t\t\t<\/div>\n\t\t<\/div>\n\t\t\t\t<div class=\"elementor-column elementor-col-50 elementor-top-column elementor-element elementor-element-8e41e89\" data-id=\"8e41e89\" data-element_type=\"column\" data-e-type=\"column\">\n\t\t\t<div class=\"elementor-widget-wrap elementor-element-populated\">\n\t\t\t\t\t\t<div class=\"elementor-element elementor-element-09ee47c elementor-widget elementor-widget-video\" data-id=\"09ee47c\" data-element_type=\"widget\" data-e-type=\"widget\" data-settings=\"{&quot;video_type&quot;:&quot;hosted&quot;,&quot;controls&quot;:&quot;yes&quot;}\" data-widget_type=\"video.default\">\n\t\t\t\t<div class=\"elementor-widget-container\">\n\t\t\t\t\t\t\t<div class=\"e-hosted-video elementor-wrapper elementor-open-inline\">\n\t\t\t\t\t<video class=\"elementor-video\" src=\"http:\/\/9kp.26f.myftpupload.com\/wp-content\/uploads\/2021\/06\/estelle-bonetto-1.jpg\" controls=\"\" preload=\"metadata\" controlsList=\"nodownload\" poster=\"http:\/\/9kp.26f.myftpupload.com\/wp-content\/uploads\/2021\/06\/estelle-bonetto-2.jpg\"><\/video>\n\t\t\t\t<\/div>\n\t\t\t\t\t\t<\/div>\n\t\t\t\t<\/div>\n\t\t\t\t\t<\/div>\n\t\t<\/div>\n\t\t\t\t\t<\/div>\n\t\t<\/section>\n\t\t\t\t<section class=\"elementor-section elementor-top-section elementor-element elementor-element-c8fc3f6 elementor-section-content-middle elementor-section-boxed elementor-section-height-default elementor-section-height-default\" data-id=\"c8fc3f6\" data-element_type=\"section\" data-e-type=\"section\" data-settings=\"{&quot;jet_parallax_layout_list&quot;:[{&quot;_id&quot;:&quot;8f6ca17&quot;,&quot;jet_parallax_layout_image&quot;:{&quot;url&quot;:&quot;&quot;,&quot;id&quot;:&quot;&quot;,&quot;size&quot;:&quot;&quot;},&quot;jet_parallax_layout_image_tablet&quot;:{&quot;url&quot;:&quot;&quot;,&quot;id&quot;:&quot;&quot;,&quot;size&quot;:&quot;&quot;},&quot;jet_parallax_layout_image_mobile&quot;:{&quot;url&quot;:&quot;&quot;,&quot;id&quot;:&quot;&quot;,&quot;size&quot;:&quot;&quot;},&quot;jet_parallax_layout_speed&quot;:{&quot;unit&quot;:&quot;%&quot;,&quot;size&quot;:50,&quot;sizes&quot;:[]},&quot;jet_parallax_layout_type&quot;:&quot;scroll&quot;,&quot;jet_parallax_layout_direction&quot;:&quot;1&quot;,&quot;jet_parallax_layout_fx_direction&quot;:null,&quot;jet_parallax_layout_z_index&quot;:&quot;&quot;,&quot;jet_parallax_layout_bg_x&quot;:50,&quot;jet_parallax_layout_bg_x_tablet&quot;:&quot;&quot;,&quot;jet_parallax_layout_bg_x_mobile&quot;:&quot;&quot;,&quot;jet_parallax_layout_bg_y&quot;:50,&quot;jet_parallax_layout_bg_y_tablet&quot;:&quot;&quot;,&quot;jet_parallax_layout_bg_y_mobile&quot;:&quot;&quot;,&quot;jet_parallax_layout_bg_size&quot;:&quot;auto&quot;,&quot;jet_parallax_layout_bg_size_tablet&quot;:&quot;&quot;,&quot;jet_parallax_layout_bg_size_mobile&quot;:&quot;&quot;,&quot;jet_parallax_layout_animation_prop&quot;:&quot;transform&quot;,&quot;jet_parallax_layout_on&quot;:[&quot;desktop&quot;,&quot;tablet&quot;]}]}\">\n\t\t\t\t\t\t<div class=\"elementor-container elementor-column-gap-no\">\n\t\t\t\t\t<div class=\"elementor-column elementor-col-50 elementor-top-column elementor-element elementor-element-6a820f5\" data-id=\"6a820f5\" data-element_type=\"column\" data-e-type=\"column\">\n\t\t\t<div class=\"elementor-widget-wrap elementor-element-populated\">\n\t\t\t\t\t\t<div class=\"elementor-element elementor-element-e20dae8 elementor-widget elementor-widget-heading\" data-id=\"e20dae8\" data-element_type=\"widget\" data-e-type=\"widget\" data-widget_type=\"heading.default\">\n\t\t\t\t<div class=\"elementor-widget-container\">\n\t\t\t\t\t<h4 class=\"elementor-heading-title elementor-size-default\">L'Eau Vive<\/h4>\t\t\t\t<\/div>\n\t\t\t\t<\/div>\n\t\t\t\t<div class=\"elementor-element elementor-element-017e8f1 elementor-widget elementor-widget-text-editor\" data-id=\"017e8f1\" data-element_type=\"widget\" data-e-type=\"widget\" data-widget_type=\"text-editor.default\">\n\t\t\t\t<div class=\"elementor-widget-container\">\n\t\t\t\t\t\t\t\t\t<p>L&rsquo;Eau Vive<\/p><p>REGINA \u2013 C&rsquo;est dans le cadre des Festivals des Arts du Village Cath\u00e9drale qu&rsquo;Estelle Bonetto, po\u00e8te et artiste d&rsquo;origine fran\u00e7aise, a choisi de pr\u00e9senter une s\u00e9lection d&rsquo;\u0153uvres. Le public a pu admirer mais aussi toucher certains \u00e9l\u00e9ments de la s\u00e9rie originale intitul\u00e9e Fragments d&rsquo;Identit\u00e9, pr\u00e9sent\u00e9e au 13th Avenue Food and Coffee House, du 22 au 27 mai 2017.<\/p><p>Voir et toucher en effet puisque l&rsquo;\u0153uvre plastique d&rsquo;Estelle Bonetto consiste en une s\u00e9rie de 60 flacons en verre, porteurs d&rsquo;images, de textes po\u00e9tiques et de mati\u00e8res organiques propres \u00e0 faire ressortir les multiples facettes du Soi dans un archipel.<\/p>\t\t\t\t\t\t\t\t<\/div>\n\t\t\t\t<\/div>\n\t\t\t\t<div class=\"elementor-element elementor-element-522d98f elementor-widget elementor-widget-button\" data-id=\"522d98f\" data-element_type=\"widget\" data-e-type=\"widget\" data-widget_type=\"button.default\">\n\t\t\t\t<div class=\"elementor-widget-container\">\n\t\t\t\t\t\t\t\t\t<div class=\"elementor-button-wrapper\">\n\t\t\t\t\t<a class=\"elementor-button elementor-button-link elementor-size-sm\" href=\"https:\/\/leau-vive.ca\/Nouvelles\/estelle-bonetto-et-quelques-fragments-didentite\">\n\t\t\t\t\t\t<span class=\"elementor-button-content-wrapper\">\n\t\t\t\t\t\t\t\t\t<span class=\"elementor-button-text\">Lire l'article<\/span>\n\t\t\t\t\t<\/span>\n\t\t\t\t\t<\/a>\n\t\t\t\t<\/div>\n\t\t\t\t\t\t\t\t<\/div>\n\t\t\t\t<\/div>\n\t\t\t\t\t<\/div>\n\t\t<\/div>\n\t\t\t\t<div class=\"elementor-column elementor-col-50 elementor-top-column elementor-element elementor-element-ce92ee5\" data-id=\"ce92ee5\" data-element_type=\"column\" data-e-type=\"column\">\n\t\t\t<div class=\"elementor-widget-wrap elementor-element-populated\">\n\t\t\t\t\t\t<div class=\"elementor-element elementor-element-4164f74 elementor-widget elementor-widget-image\" data-id=\"4164f74\" data-element_type=\"widget\" data-e-type=\"widget\" data-widget_type=\"image.default\">\n\t\t\t\t<div class=\"elementor-widget-container\">\n\t\t\t\t\t\t\t\t\t\t\t\t\t\t\t<img loading=\"lazy\" decoding=\"async\" width=\"448\" height=\"600\" src=\"https:\/\/estellebonetto.ca\/wp-content\/uploads\/2021\/06\/EstelleBonetto_9633WEB.jpg\" class=\"attachment-large size-large wp-image-578\" alt=\"Estelle Bonetto 13th Avenue Food and Coffee House\" srcset=\"https:\/\/estellebonetto.ca\/wp-content\/uploads\/2021\/06\/EstelleBonetto_9633WEB.jpg 448w, https:\/\/estellebonetto.ca\/wp-content\/uploads\/2021\/06\/EstelleBonetto_9633WEB-224x300.jpg 224w\" sizes=\"(max-width: 448px) 100vw, 448px\" \/>\t\t\t\t\t\t\t\t\t\t\t\t\t\t\t<\/div>\n\t\t\t\t<\/div>\n\t\t\t\t\t<\/div>\n\t\t<\/div>\n\t\t\t\t\t<\/div>\n\t\t<\/section>\n\t\t\t\t<section class=\"elementor-section elementor-top-section elementor-element elementor-element-99206d5 elementor-section-content-middle elementor-section-boxed elementor-section-height-default elementor-section-height-default\" data-id=\"99206d5\" data-element_type=\"section\" data-e-type=\"section\" data-settings=\"{&quot;jet_parallax_layout_list&quot;:[{&quot;_id&quot;:&quot;8f6ca17&quot;,&quot;jet_parallax_layout_image&quot;:{&quot;url&quot;:&quot;&quot;,&quot;id&quot;:&quot;&quot;,&quot;size&quot;:&quot;&quot;},&quot;jet_parallax_layout_image_tablet&quot;:{&quot;url&quot;:&quot;&quot;,&quot;id&quot;:&quot;&quot;,&quot;size&quot;:&quot;&quot;},&quot;jet_parallax_layout_image_mobile&quot;:{&quot;url&quot;:&quot;&quot;,&quot;id&quot;:&quot;&quot;,&quot;size&quot;:&quot;&quot;},&quot;jet_parallax_layout_speed&quot;:{&quot;unit&quot;:&quot;%&quot;,&quot;size&quot;:50,&quot;sizes&quot;:[]},&quot;jet_parallax_layout_type&quot;:&quot;scroll&quot;,&quot;jet_parallax_layout_direction&quot;:&quot;1&quot;,&quot;jet_parallax_layout_fx_direction&quot;:null,&quot;jet_parallax_layout_z_index&quot;:&quot;&quot;,&quot;jet_parallax_layout_bg_x&quot;:50,&quot;jet_parallax_layout_bg_x_tablet&quot;:&quot;&quot;,&quot;jet_parallax_layout_bg_x_mobile&quot;:&quot;&quot;,&quot;jet_parallax_layout_bg_y&quot;:50,&quot;jet_parallax_layout_bg_y_tablet&quot;:&quot;&quot;,&quot;jet_parallax_layout_bg_y_mobile&quot;:&quot;&quot;,&quot;jet_parallax_layout_bg_size&quot;:&quot;auto&quot;,&quot;jet_parallax_layout_bg_size_tablet&quot;:&quot;&quot;,&quot;jet_parallax_layout_bg_size_mobile&quot;:&quot;&quot;,&quot;jet_parallax_layout_animation_prop&quot;:&quot;transform&quot;,&quot;jet_parallax_layout_on&quot;:[&quot;desktop&quot;,&quot;tablet&quot;]}]}\">\n\t\t\t\t\t\t<div class=\"elementor-container elementor-column-gap-no\">\n\t\t\t\t\t<div class=\"elementor-column elementor-col-50 elementor-top-column elementor-element elementor-element-5ee72e9\" data-id=\"5ee72e9\" data-element_type=\"column\" data-e-type=\"column\">\n\t\t\t<div class=\"elementor-widget-wrap elementor-element-populated\">\n\t\t\t\t\t\t<div class=\"elementor-element elementor-element-79b0d97 elementor-widget elementor-widget-heading\" data-id=\"79b0d97\" data-element_type=\"widget\" data-e-type=\"widget\" data-widget_type=\"heading.default\">\n\t\t\t\t<div class=\"elementor-widget-container\">\n\t\t\t\t\t<h4 class=\"elementor-heading-title elementor-size-default\">CBC<\/h4>\t\t\t\t<\/div>\n\t\t\t\t<\/div>\n\t\t\t\t<div class=\"elementor-element elementor-element-a33d0b0 elementor-widget elementor-widget-text-editor\" data-id=\"a33d0b0\" data-element_type=\"widget\" data-e-type=\"widget\" data-widget_type=\"text-editor.default\">\n\t\t\t\t<div class=\"elementor-widget-container\">\n\t\t\t\t\t\t\t\t\t<p>Entrevue \u00e0 la radio anglophone de CBC lors de la sortie du recueil de po\u00e9sie photographique \u00ab \u00c0 fleur d&rsquo;\u00e2ge \u00bb.<\/p>\t\t\t\t\t\t\t\t<\/div>\n\t\t\t\t<\/div>\n\t\t\t\t\t<\/div>\n\t\t<\/div>\n\t\t\t\t<div class=\"elementor-column elementor-col-50 elementor-top-column elementor-element elementor-element-acb94ee\" data-id=\"acb94ee\" data-element_type=\"column\" data-e-type=\"column\">\n\t\t\t<div class=\"elementor-widget-wrap elementor-element-populated\">\n\t\t\t\t\t\t<div class=\"elementor-element elementor-element-005bf61 elementor-widget elementor-widget-video\" data-id=\"005bf61\" data-element_type=\"widget\" data-e-type=\"widget\" data-settings=\"{&quot;video_type&quot;:&quot;hosted&quot;,&quot;controls&quot;:&quot;yes&quot;}\" data-widget_type=\"video.default\">\n\t\t\t\t<div class=\"elementor-widget-container\">\n\t\t\t\t\t\t\t<div class=\"e-hosted-video elementor-wrapper elementor-open-inline\">\n\t\t\t\t\t<video class=\"elementor-video\" src=\"http:\/\/9kp.26f.myftpupload.com\/wp-content\/uploads\/2021\/06\/estelle-bonetto-1.jpg\" controls=\"\" preload=\"metadata\" controlsList=\"nodownload\" poster=\"http:\/\/9kp.26f.myftpupload.com\/wp-content\/uploads\/2021\/06\/estelle-bonetto-1.jpg\"><\/video>\n\t\t\t\t<\/div>\n\t\t\t\t\t\t<\/div>\n\t\t\t\t<\/div>\n\t\t\t\t\t<\/div>\n\t\t<\/div>\n\t\t\t\t\t<\/div>\n\t\t<\/section>\n\t\t\t\t<\/div>\n\t\t","protected":false},"excerpt":{"rendered":"<p>\u00c0 propos Comment j&rsquo;aborde l&rsquo;art Ma d\u00e9marche artistique s&rsquo;articule autour de la recherche des angles morts pour r\u00e9v\u00e9ler leur vivacit\u00e9. La photographie me permet d&rsquo;acc\u00e9der \u00e0 diff\u00e9rentes perceptions, \u00e0 diff\u00e9rents points de vue. L&rsquo;\u0153il du cristallin a la capacit\u00e9 de s&rsquo;\u00e9loigner de la r\u00e9alit\u00e9 et de voir le monde sous un nouveau jour. A travers [&hellip;]<\/p>\n","protected":false},"author":1,"featured_media":0,"parent":0,"menu_order":0,"comment_status":"closed","ping_status":"closed","template":"full-width.php","meta":{"_acf_changed":false,"_coblocks_attr":"","_coblocks_dimensions":"","_coblocks_responsive_height":"","_coblocks_accordion_ie_support":"","footnotes":""},"class_list":["post-1270","page","type-page","status-publish","hentry"],"acf":[],"yoast_head":"<!-- This site is optimized with the Yoast SEO plugin v27.4 - https:\/\/yoast.com\/product\/yoast-seo-wordpress\/ -->\n<title>\u00c0 propos - Estelle Bonetto - Fransaskois Artist<\/title>\n<meta name=\"description\" content=\"Venez d\u00e9couvrir l&#039;artiste multidisciplinaire Estelle Bonetto. Artiste visuelle et \u00e9crivaine fransaskoise d&#039;origine fran\u00e7aise, sa d\u00e9marche artistique s&#039;articule autour de l&#039;identit\u00e9.\" \/>\n<meta name=\"robots\" content=\"index, follow, max-snippet:-1, max-image-preview:large, max-video-preview:-1\" \/>\n<link rel=\"canonical\" href=\"https:\/\/estellebonetto.ca\/fr\/a-propos-estelle-bonetto-fransaskoise-artiste-ecrivaine-saskatchewan-regina\/\" \/>\n<meta property=\"og:locale\" content=\"fr_FR\" \/>\n<meta property=\"og:type\" content=\"article\" \/>\n<meta property=\"og:title\" content=\"\u00c0 propos - Estelle Bonetto - Fransaskois Artist\" \/>\n<meta property=\"og:description\" content=\"Venez d\u00e9couvrir l&#039;artiste multidisciplinaire Estelle Bonetto. Artiste visuelle et \u00e9crivaine fransaskoise d&#039;origine fran\u00e7aise, sa d\u00e9marche artistique s&#039;articule autour de l&#039;identit\u00e9.\" \/>\n<meta property=\"og:url\" content=\"https:\/\/estellebonetto.ca\/fr\/a-propos-estelle-bonetto-fransaskoise-artiste-ecrivaine-saskatchewan-regina\/\" \/>\n<meta property=\"og:site_name\" content=\"Estelle Bonetto\" \/>\n<meta property=\"article:modified_time\" content=\"2021-10-05T23:51:29+00:00\" \/>\n<meta property=\"og:image\" content=\"https:\/\/estellebonetto.ca\/wp-content\/uploads\/2021\/06\/Bras-tatoue.jpg\" \/>\n<meta name=\"twitter:card\" content=\"summary_large_image\" \/>\n<meta name=\"twitter:label1\" content=\"Dur\u00e9e de lecture estim\u00e9e\" \/>\n\t<meta name=\"twitter:data1\" content=\"4 minutes\" \/>\n<script type=\"application\/ld+json\" class=\"yoast-schema-graph\">{\"@context\":\"https:\\\/\\\/schema.org\",\"@graph\":[{\"@type\":\"WebPage\",\"@id\":\"https:\\\/\\\/estellebonetto.ca\\\/fr\\\/a-propos-estelle-bonetto-fransaskoise-artiste-ecrivaine-saskatchewan-regina\\\/\",\"url\":\"https:\\\/\\\/estellebonetto.ca\\\/fr\\\/a-propos-estelle-bonetto-fransaskoise-artiste-ecrivaine-saskatchewan-regina\\\/\",\"name\":\"\u00c0 propos - Estelle Bonetto - Fransaskois Artist\",\"isPartOf\":{\"@id\":\"https:\\\/\\\/estellebonetto.ca\\\/#website\"},\"primaryImageOfPage\":{\"@id\":\"https:\\\/\\\/estellebonetto.ca\\\/fr\\\/a-propos-estelle-bonetto-fransaskoise-artiste-ecrivaine-saskatchewan-regina\\\/#primaryimage\"},\"image\":{\"@id\":\"https:\\\/\\\/estellebonetto.ca\\\/fr\\\/a-propos-estelle-bonetto-fransaskoise-artiste-ecrivaine-saskatchewan-regina\\\/#primaryimage\"},\"thumbnailUrl\":\"https:\\\/\\\/estellebonetto.ca\\\/wp-content\\\/uploads\\\/2021\\\/06\\\/Bras-tatoue.jpg\",\"datePublished\":\"2020-04-18T05:50:58+00:00\",\"dateModified\":\"2021-10-05T23:51:29+00:00\",\"description\":\"Venez d\u00e9couvrir l'artiste multidisciplinaire Estelle Bonetto. Artiste visuelle et \u00e9crivaine fransaskoise d'origine fran\u00e7aise, sa d\u00e9marche artistique s'articule autour de l'identit\u00e9.\",\"breadcrumb\":{\"@id\":\"https:\\\/\\\/estellebonetto.ca\\\/fr\\\/a-propos-estelle-bonetto-fransaskoise-artiste-ecrivaine-saskatchewan-regina\\\/#breadcrumb\"},\"inLanguage\":\"fr-FR\",\"potentialAction\":[{\"@type\":\"ReadAction\",\"target\":[\"https:\\\/\\\/estellebonetto.ca\\\/fr\\\/a-propos-estelle-bonetto-fransaskoise-artiste-ecrivaine-saskatchewan-regina\\\/\"]}]},{\"@type\":\"ImageObject\",\"inLanguage\":\"fr-FR\",\"@id\":\"https:\\\/\\\/estellebonetto.ca\\\/fr\\\/a-propos-estelle-bonetto-fransaskoise-artiste-ecrivaine-saskatchewan-regina\\\/#primaryimage\",\"url\":\"https:\\\/\\\/estellebonetto.ca\\\/wp-content\\\/uploads\\\/2021\\\/06\\\/Bras-tatoue.jpg\",\"contentUrl\":\"https:\\\/\\\/estellebonetto.ca\\\/wp-content\\\/uploads\\\/2021\\\/06\\\/Bras-tatoue.jpg\"},{\"@type\":\"BreadcrumbList\",\"@id\":\"https:\\\/\\\/estellebonetto.ca\\\/fr\\\/a-propos-estelle-bonetto-fransaskoise-artiste-ecrivaine-saskatchewan-regina\\\/#breadcrumb\",\"itemListElement\":[{\"@type\":\"ListItem\",\"position\":1,\"name\":\"Home\",\"item\":\"https:\\\/\\\/estellebonetto.ca\\\/fr\\\/\"},{\"@type\":\"ListItem\",\"position\":2,\"name\":\"\u00c0 propos\"}]},{\"@type\":\"WebSite\",\"@id\":\"https:\\\/\\\/estellebonetto.ca\\\/#website\",\"url\":\"https:\\\/\\\/estellebonetto.ca\\\/\",\"name\":\"Estelle Bonetto\",\"description\":\"Estelle Bonetto, multidisciplinary artist\",\"publisher\":{\"@id\":\"https:\\\/\\\/estellebonetto.ca\\\/#organization\"},\"potentialAction\":[{\"@type\":\"SearchAction\",\"target\":{\"@type\":\"EntryPoint\",\"urlTemplate\":\"https:\\\/\\\/estellebonetto.ca\\\/?s={search_term_string}\"},\"query-input\":{\"@type\":\"PropertyValueSpecification\",\"valueRequired\":true,\"valueName\":\"search_term_string\"}}],\"inLanguage\":\"fr-FR\"},{\"@type\":\"Organization\",\"@id\":\"https:\\\/\\\/estellebonetto.ca\\\/#organization\",\"name\":\"Estelle Bonetto\",\"url\":\"https:\\\/\\\/estellebonetto.ca\\\/\",\"logo\":{\"@type\":\"ImageObject\",\"inLanguage\":\"fr-FR\",\"@id\":\"https:\\\/\\\/estellebonetto.ca\\\/#\\\/schema\\\/logo\\\/image\\\/\",\"url\":\"https:\\\/\\\/estellebonetto.ca\\\/wp-content\\\/uploads\\\/2020\\\/04\\\/EB-logo-Blanc.jpg\",\"contentUrl\":\"https:\\\/\\\/estellebonetto.ca\\\/wp-content\\\/uploads\\\/2020\\\/04\\\/EB-logo-Blanc.jpg\",\"width\":362,\"height\":322,\"caption\":\"Estelle Bonetto\"},\"image\":{\"@id\":\"https:\\\/\\\/estellebonetto.ca\\\/#\\\/schema\\\/logo\\\/image\\\/\"}}]}<\/script>\n<!-- \/ Yoast SEO plugin. -->","yoast_head_json":{"title":"\u00c0 propos - Estelle Bonetto - Fransaskois Artist","description":"Venez d\u00e9couvrir l'artiste multidisciplinaire Estelle Bonetto. Artiste visuelle et \u00e9crivaine fransaskoise d'origine fran\u00e7aise, sa d\u00e9marche artistique s'articule autour de l'identit\u00e9.","robots":{"index":"index","follow":"follow","max-snippet":"max-snippet:-1","max-image-preview":"max-image-preview:large","max-video-preview":"max-video-preview:-1"},"canonical":"https:\/\/estellebonetto.ca\/fr\/a-propos-estelle-bonetto-fransaskoise-artiste-ecrivaine-saskatchewan-regina\/","og_locale":"fr_FR","og_type":"article","og_title":"\u00c0 propos - Estelle Bonetto - Fransaskois Artist","og_description":"Venez d\u00e9couvrir l'artiste multidisciplinaire Estelle Bonetto. Artiste visuelle et \u00e9crivaine fransaskoise d'origine fran\u00e7aise, sa d\u00e9marche artistique s'articule autour de l'identit\u00e9.","og_url":"https:\/\/estellebonetto.ca\/fr\/a-propos-estelle-bonetto-fransaskoise-artiste-ecrivaine-saskatchewan-regina\/","og_site_name":"Estelle Bonetto","article_modified_time":"2021-10-05T23:51:29+00:00","og_image":[{"url":"https:\/\/estellebonetto.ca\/wp-content\/uploads\/2021\/06\/Bras-tatoue.jpg","type":"","width":"","height":""}],"twitter_card":"summary_large_image","twitter_misc":{"Dur\u00e9e de lecture estim\u00e9e":"4 minutes"},"schema":{"@context":"https:\/\/schema.org","@graph":[{"@type":"WebPage","@id":"https:\/\/estellebonetto.ca\/fr\/a-propos-estelle-bonetto-fransaskoise-artiste-ecrivaine-saskatchewan-regina\/","url":"https:\/\/estellebonetto.ca\/fr\/a-propos-estelle-bonetto-fransaskoise-artiste-ecrivaine-saskatchewan-regina\/","name":"\u00c0 propos - Estelle Bonetto - Fransaskois Artist","isPartOf":{"@id":"https:\/\/estellebonetto.ca\/#website"},"primaryImageOfPage":{"@id":"https:\/\/estellebonetto.ca\/fr\/a-propos-estelle-bonetto-fransaskoise-artiste-ecrivaine-saskatchewan-regina\/#primaryimage"},"image":{"@id":"https:\/\/estellebonetto.ca\/fr\/a-propos-estelle-bonetto-fransaskoise-artiste-ecrivaine-saskatchewan-regina\/#primaryimage"},"thumbnailUrl":"https:\/\/estellebonetto.ca\/wp-content\/uploads\/2021\/06\/Bras-tatoue.jpg","datePublished":"2020-04-18T05:50:58+00:00","dateModified":"2021-10-05T23:51:29+00:00","description":"Venez d\u00e9couvrir l'artiste multidisciplinaire Estelle Bonetto. Artiste visuelle et \u00e9crivaine fransaskoise d'origine fran\u00e7aise, sa d\u00e9marche artistique s'articule autour de l'identit\u00e9.","breadcrumb":{"@id":"https:\/\/estellebonetto.ca\/fr\/a-propos-estelle-bonetto-fransaskoise-artiste-ecrivaine-saskatchewan-regina\/#breadcrumb"},"inLanguage":"fr-FR","potentialAction":[{"@type":"ReadAction","target":["https:\/\/estellebonetto.ca\/fr\/a-propos-estelle-bonetto-fransaskoise-artiste-ecrivaine-saskatchewan-regina\/"]}]},{"@type":"ImageObject","inLanguage":"fr-FR","@id":"https:\/\/estellebonetto.ca\/fr\/a-propos-estelle-bonetto-fransaskoise-artiste-ecrivaine-saskatchewan-regina\/#primaryimage","url":"https:\/\/estellebonetto.ca\/wp-content\/uploads\/2021\/06\/Bras-tatoue.jpg","contentUrl":"https:\/\/estellebonetto.ca\/wp-content\/uploads\/2021\/06\/Bras-tatoue.jpg"},{"@type":"BreadcrumbList","@id":"https:\/\/estellebonetto.ca\/fr\/a-propos-estelle-bonetto-fransaskoise-artiste-ecrivaine-saskatchewan-regina\/#breadcrumb","itemListElement":[{"@type":"ListItem","position":1,"name":"Home","item":"https:\/\/estellebonetto.ca\/fr\/"},{"@type":"ListItem","position":2,"name":"\u00c0 propos"}]},{"@type":"WebSite","@id":"https:\/\/estellebonetto.ca\/#website","url":"https:\/\/estellebonetto.ca\/","name":"Estelle Bonetto","description":"Estelle Bonetto, multidisciplinary artist","publisher":{"@id":"https:\/\/estellebonetto.ca\/#organization"},"potentialAction":[{"@type":"SearchAction","target":{"@type":"EntryPoint","urlTemplate":"https:\/\/estellebonetto.ca\/?s={search_term_string}"},"query-input":{"@type":"PropertyValueSpecification","valueRequired":true,"valueName":"search_term_string"}}],"inLanguage":"fr-FR"},{"@type":"Organization","@id":"https:\/\/estellebonetto.ca\/#organization","name":"Estelle Bonetto","url":"https:\/\/estellebonetto.ca\/","logo":{"@type":"ImageObject","inLanguage":"fr-FR","@id":"https:\/\/estellebonetto.ca\/#\/schema\/logo\/image\/","url":"https:\/\/estellebonetto.ca\/wp-content\/uploads\/2020\/04\/EB-logo-Blanc.jpg","contentUrl":"https:\/\/estellebonetto.ca\/wp-content\/uploads\/2020\/04\/EB-logo-Blanc.jpg","width":362,"height":322,"caption":"Estelle Bonetto"},"image":{"@id":"https:\/\/estellebonetto.ca\/#\/schema\/logo\/image\/"}}]}},"_links":{"self":[{"href":"https:\/\/estellebonetto.ca\/fr\/wp-json\/wp\/v2\/pages\/1270","targetHints":{"allow":["GET"]}}],"collection":[{"href":"https:\/\/estellebonetto.ca\/fr\/wp-json\/wp\/v2\/pages"}],"about":[{"href":"https:\/\/estellebonetto.ca\/fr\/wp-json\/wp\/v2\/types\/page"}],"author":[{"embeddable":true,"href":"https:\/\/estellebonetto.ca\/fr\/wp-json\/wp\/v2\/users\/1"}],"replies":[{"embeddable":true,"href":"https:\/\/estellebonetto.ca\/fr\/wp-json\/wp\/v2\/comments?post=1270"}],"version-history":[{"count":5,"href":"https:\/\/estellebonetto.ca\/fr\/wp-json\/wp\/v2\/pages\/1270\/revisions"}],"predecessor-version":[{"id":1551,"href":"https:\/\/estellebonetto.ca\/fr\/wp-json\/wp\/v2\/pages\/1270\/revisions\/1551"}],"wp:attachment":[{"href":"https:\/\/estellebonetto.ca\/fr\/wp-json\/wp\/v2\/media?parent=1270"}],"curies":[{"name":"wp","href":"https:\/\/api.w.org\/{rel}","templated":true}]}}